{"id":368,"date":"2016-01-26T08:32:34","date_gmt":"2016-01-26T08:32:34","guid":{"rendered":"http:\/\/budapest.degrowth.org\/?page_id=368"},"modified":"2016-09-15T09:32:05","modified_gmt":"2016-09-15T09:32:05","slug":"magyar","status":"publish","type":"page","link":"https:\/\/budapest.degrowth.org\/?page_id=368","title":{"rendered":"Magyar"},"content":{"rendered":"<div class=\"synved-social-container synved-social-container-share\" style=\"text-align: right\"><a class=\"synved-social-button synved-social-button-share synved-social-size-16 synved-social-resolution-single synved-social-provider-facebook nolightbox\" data-provider=\"facebook\" target=\"_blank\" rel=\"nofollow\" title=\"Share on Facebook\" href=\"https:\/\/www.facebook.com\/sharer.php?u=https%3A%2F%2Fbudapest.degrowth.org%2Findex.php%3Frest_route%3D%252Fwp%252Fv2%252Fpages%252F368&#038;t=Magyar&#038;s=100&#038;p&#091;url&#093;=https%3A%2F%2Fbudapest.degrowth.org%2Findex.php%3Frest_route%3D%252Fwp%252Fv2%252Fpages%252F368&#038;p&#091;images&#093;&#091;0&#093;=http%3A%2F%2Fbudapest.degrowth.org%2Fwp-content%2Fuploads%2Fsites%2F2%2F2016%2F03%2Fweek-300x298.jpg&#038;p&#091;title&#093;=Magyar\" style=\"font-size: 0px; width:16px;height:16px;margin:0;margin-bottom:5px;margin-right:5px;\"><img alt=\"Facebook\" title=\"Share on Facebook\" class=\"synved-share-image synved-social-image synved-social-image-share\" width=\"16\" height=\"16\" style=\"display: inline; width:16px;height:16px; margin: 0; padding: 0; border: none; box-shadow: none;\" src=\"https:\/\/budapest.degrowth.org\/wp-content\/plugins\/social-media-feather\/synved-social\/image\/social\/regular\/32x32\/facebook.png\" \/><\/a><a class=\"synved-social-button synved-social-button-share synved-social-size-16 synved-social-resolution-single synved-social-provider-twitter nolightbox\" data-provider=\"twitter\" target=\"_blank\" rel=\"nofollow\" title=\"Share on Twitter\" href=\"https:\/\/twitter.com\/intent\/tweet?url=https%3A%2F%2Fbudapest.degrowth.org%2Findex.php%3Frest_route%3D%252Fwp%252Fv2%252Fpages%252F368&#038;text=Hey%20check%20this%20out\" style=\"font-size: 0px; width:16px;height:16px;margin:0;margin-bottom:5px;margin-right:5px;\"><img alt=\"twitter\" title=\"Share on Twitter\" class=\"synved-share-image synved-social-image synved-social-image-share\" width=\"16\" height=\"16\" style=\"display: inline; width:16px;height:16px; margin: 0; padding: 0; border: none; box-shadow: none;\" src=\"https:\/\/budapest.degrowth.org\/wp-content\/plugins\/social-media-feather\/synved-social\/image\/social\/regular\/32x32\/twitter.png\" \/><\/a><a class=\"synved-social-button synved-social-button-share synved-social-size-16 synved-social-resolution-single synved-social-provider-reddit nolightbox\" data-provider=\"reddit\" target=\"_blank\" rel=\"nofollow\" title=\"Share on Reddit\" href=\"https:\/\/www.reddit.com\/submit?url=https%3A%2F%2Fbudapest.degrowth.org%2Findex.php%3Frest_route%3D%252Fwp%252Fv2%252Fpages%252F368&#038;title=Magyar\" style=\"font-size: 0px; width:16px;height:16px;margin:0;margin-bottom:5px;margin-right:5px;\"><img alt=\"reddit\" title=\"Share on Reddit\" class=\"synved-share-image synved-social-image synved-social-image-share\" width=\"16\" height=\"16\" style=\"display: inline; width:16px;height:16px; margin: 0; padding: 0; border: none; box-shadow: none;\" src=\"https:\/\/budapest.degrowth.org\/wp-content\/plugins\/social-media-feather\/synved-social\/image\/social\/regular\/32x32\/reddit.png\" \/><\/a><a class=\"synved-social-button synved-social-button-share synved-social-size-16 synved-social-resolution-single synved-social-provider-pinterest nolightbox\" data-provider=\"pinterest\" target=\"_blank\" rel=\"nofollow\" title=\"Pin it with Pinterest\" href=\"https:\/\/pinterest.com\/pin\/create\/button\/?url=https%3A%2F%2Fbudapest.degrowth.org%2Findex.php%3Frest_route%3D%252Fwp%252Fv2%252Fpages%252F368&#038;media=http%3A%2F%2Fbudapest.degrowth.org%2Fwp-content%2Fuploads%2Fsites%2F2%2F2016%2F03%2Fweek-300x298.jpg&#038;description=Magyar\" style=\"font-size: 0px; width:16px;height:16px;margin:0;margin-bottom:5px;margin-right:5px;\"><img alt=\"pinterest\" title=\"Pin it with Pinterest\" class=\"synved-share-image synved-social-image synved-social-image-share\" width=\"16\" height=\"16\" style=\"display: inline; width:16px;height:16px; margin: 0; padding: 0; border: none; box-shadow: none;\" src=\"https:\/\/budapest.degrowth.org\/wp-content\/plugins\/social-media-feather\/synved-social\/image\/social\/regular\/32x32\/pinterest.png\" \/><\/a><a class=\"synved-social-button synved-social-button-share synved-social-size-16 synved-social-resolution-single synved-social-provider-linkedin nolightbox\" data-provider=\"linkedin\" target=\"_blank\" rel=\"nofollow\" title=\"Share on Linkedin\" href=\"https:\/\/www.linkedin.com\/shareArticle?mini=true&#038;url=https%3A%2F%2Fbudapest.degrowth.org%2Findex.php%3Frest_route%3D%252Fwp%252Fv2%252Fpages%252F368&#038;title=Magyar\" style=\"font-size: 0px; width:16px;height:16px;margin:0;margin-bottom:5px;margin-right:5px;\"><img alt=\"linkedin\" title=\"Share on Linkedin\" class=\"synved-share-image synved-social-image synved-social-image-share\" width=\"16\" height=\"16\" style=\"display: inline; width:16px;height:16px; margin: 0; padding: 0; border: none; box-shadow: none;\" src=\"https:\/\/budapest.degrowth.org\/wp-content\/plugins\/social-media-feather\/synved-social\/image\/social\/regular\/32x32\/linkedin.png\" \/><\/a><a class=\"synved-social-button synved-social-button-share synved-social-size-16 synved-social-resolution-single synved-social-provider-tumblr nolightbox\" data-provider=\"tumblr\" target=\"_blank\" rel=\"nofollow\" title=\"Share on tumblr\" href=\"https:\/\/tumblr.com\/share?s=&#038;v=3&#038;t=Magyar&#038;u=https%3A%2F%2Fbudapest.degrowth.org%2Findex.php%3Frest_route%3D%252Fwp%252Fv2%252Fpages%252F368\" style=\"font-size: 0px; width:16px;height:16px;margin:0;margin-bottom:5px;margin-right:5px;\"><img alt=\"tumblr\" title=\"Share on tumblr\" class=\"synved-share-image synved-social-image synved-social-image-share\" width=\"16\" height=\"16\" style=\"display: inline; width:16px;height:16px; margin: 0; padding: 0; border: none; box-shadow: none;\" src=\"https:\/\/budapest.degrowth.org\/wp-content\/plugins\/social-media-feather\/synved-social\/image\/social\/regular\/32x32\/tumblr.png\" \/><\/a><a class=\"synved-social-button synved-social-button-share synved-social-size-16 synved-social-resolution-single synved-social-provider-mail nolightbox\" data-provider=\"mail\" rel=\"nofollow\" title=\"Share by email\" href=\"mailto:?subject=Magyar&#038;body=Hey%20check%20this%20out:%20https%3A%2F%2Fbudapest.degrowth.org%2Findex.php%3Frest_route%3D%252Fwp%252Fv2%252Fpages%252F368\" style=\"font-size: 0px; width:16px;height:16px;margin:0;margin-bottom:5px;margin-right:5px;\"><img alt=\"mail\" title=\"Share by email\" class=\"synved-share-image synved-social-image synved-social-image-share\" width=\"16\" height=\"16\" style=\"display: inline; width:16px;height:16px; margin: 0; padding: 0; border: none; box-shadow: none;\" src=\"https:\/\/budapest.degrowth.org\/wp-content\/plugins\/social-media-feather\/synved-social\/image\/social\/regular\/32x32\/mail.png\" \/><\/a><\/div><p dir=\"ltr\"><a href=\"http:\/\/budapest.degrowth.org\/wp-content\/uploads\/sites\/2\/2016\/03\/week.jpg\" rel=\"attachment wp-att-574\"><img decoding=\"async\" loading=\"lazy\" class=\"alignleft\" alt=\"Budapest degrowth week \" src=\"http:\/\/budapest.degrowth.org\/wp-content\/uploads\/sites\/2\/2016\/03\/week-300x298.jpg\" width=\"210\" height=\"209\" \/><\/a>\u00a0Az 5. Nemzetk\u00f6zi Nemn\u00f6veked\u00e9s Konferenci\u00e1n Budapesten t\u00f6bb, mint 600 \u00e9rdekl\u0151d\u0151 vett r\u00e9szt a vil\u00e1g minden t\u00e1j\u00e1r\u00f3l. A konferencia tudom\u00e1nyos r\u00e9sze mellett els\u0151 \u00edzben ker\u00fclt megrendez\u00e9sre egy mindenki sz\u00e1m\u00e1ra nyitott fesztiv\u00e1l, a Budapesti Nemn\u00f6veked\u00e9s H\u00e9t, mely t\u00f6bb ezer r\u00e9sztvev\u0151t mozgatott meg a v\u00e1ros k\u00fcl\u00f6nb\u00f6z\u0151 pontjain. T\u00far\u00e1k, m\u0171v\u00e9szi el\u0151ad\u00e1sok, workshopok, panelbesz\u00e9lget\u00e9sek, \u00e9s koncertek ker\u00fcltek megrendez\u00e9sre, lehet\u0151s\u00e9get teremtve a Nemn\u00f6veked\u00e9s k\u00f6z\u00f6ss\u00e9g\u00e9nek arra, hogy kapcsolatba ker\u00fcljenek partnereinkkel, bar\u00e1tainkkal \u00e9s Budapest lakosaival.<\/p>\n<p dir=\"ltr\">Ezen esem\u00e9nyek szervez\u00e9s\u00e9n\u00e9l a f\u0151 szempont a Nemn\u00f6veked\u00e9s elveinek szem el\u0151tt tart\u00e1sa volt: egy\u00fcttm\u0171k\u00f6d\u00e9s helyi \u00e9lelmiszer termel\u0151kkel, er\u0151szakmentes kommunik\u00e1ci\u00f3, \u00e1tl\u00e1that\u00f3s\u00e1g \u00e9s k\u00f6zvetlen demokr\u00e1cia, a partnerek, szervez\u0151k \u00e9s r\u00e9sztvev\u0151k soksz\u00edn\u0171s\u00e9ge, valamint p\u00e1rbesz\u00e9d \u00e9s sz\u00f6vets\u00e9g teremt\u00e9se a t\u00e1rsadalom k\u00fcl\u00f6nb\u00f6z\u0151 szerepl\u0151i k\u00f6z\u00f6tt. L\u00e9trehoztunk tov\u00e1bb\u00e1 \u00faj, ny\u00edlt forr\u00e1sk\u00f3d\u00fa fel\u00fcleteket \u00e9s kommunik\u00e1ci\u00f3s teret, <a href=\"http:\/\/agora.degrowth.net\/\" target=\"_blank\">ahol b\u00e1rmilyen hozz\u00e1sz\u00f3l\u00e1st, dokumentumot, vagy k\u00e9p-, \u00e9s hanganyagot megoszthatnak<\/a>.<\/p>\n<p dir=\"ltr\">A k\u00e9t \u00e9ves szervez\u00e9s \u00e9s a konferencia ideje alatt a szervez\u0151k \u00e9s a r\u00e9sztvev\u0151k egyar\u00e1nt kipr\u00f3b\u00e1lhatt\u00e1k a Nemn\u00f6veked\u00e9s tev\u00e9kenys\u00e9geit a gyakorlatban, mintegy k\u00eds\u00e9rletezve az elm\u00e9lettel. A lehets\u00e9ges felmer\u00fcl\u0151 k\u00e9rd\u00e9sek a k\u00f6vetkez\u0151k: hogyan \u00e9rtelmezz\u00fck a Nemn\u00f6veked\u00e9s fogalm\u00e1t? Egy mozgalomr\u00f3l, h\u00e1l\u00f3zatr\u00f3l, vagy provokat\u00edv szlogenr\u0151l besz\u00e9l\u00fcnk? Milyen j\u00f6v\u0151beli lehet\u0151s\u00e9gei vannak a glob\u00e1lis \u00e9s helyi szint\u0171 k\u00f6zrem\u0171k\u00f6d\u00e9snek? Hogy lehetne hat\u00e9konyabb sz\u00f6vets\u00e9geket l\u00e9trehozni? Mi lesz a Nemn\u00f6veked\u00e9s ir\u00e1nymutat\u00f3 narrat\u00edv\u00e1ja? N\u00e9h\u00e1ny v\u00e1lasz \u00e9s besz\u00e9lget\u00e9s a fent eml\u00edtett t\u00e9m\u00e1k k\u00f6r\u00fcl megtal\u00e1lhat\u00f3 a honlapunkon: <a href=\"https:\/\/www.youtube.com\/playlist?list=PL9OIfSnjlF8R0pppEyLJHx6fuhR0ogvPx\" target=\"_blank\">vide\u00f3k<\/a>\u00a0(<a href=\"https:\/\/www.youtube.com\/playlist?list=PL9OIfSnjlF8TANx-vZBSGUXmwlcqe6d_w\" target=\"_blank\">magyarul<\/a>), <a href=\"https:\/\/scriptum.degrowth.net\/en\/DG2016\/public\/events\" target=\"_blank\">prezent\u00e1ci\u00f3k, tanulm\u00e1nyok<\/a>.<\/p>\n<p dir=\"ltr\">T\u00f6bb, mint 100 interj\u00fa k\u00e9sz\u00fclt a magyar \u00e9s nemzetk\u00f6zi <a href=\"http:\/\/budapest.degrowth.org\/?page_id=275\" target=\"_blank\">m\u00e9dia<\/a> r\u00e9szv\u00e9tel\u00e9vel.<\/p>\n<p dir=\"ltr\">Szeretn\u00e9nk k\u00f6sz\u00f6netet mondani minden partner\u00fcnknek \u00e9s a konferencia r\u00e9sztvev\u0151inek, tov\u00e1bb\u00e1 k\u00f6sz\u00f6nj\u00fck bar\u00e1tainknak, szomsz\u00e9dainknak Budapesten \u00e9s t\u00fal, a p\u00e1rbesz\u00e9d folytat\u00f3dik!<\/p>\n<p><b id=\"docs-internal-guid-42f67f7d-2d11-4536-7847-e661da81726e\">A Budapesti Nemn\u00f6veked\u00e9s Konferencia <a href=\"http:\/\/budapest.degrowth.org\/?page_id=310\" target=\"_blank\">csapata<\/a><br \/>\n<a href=\"http:\/\/budapest.degrowth.org\/\">http:\/\/budapest.degrowth.org\/<\/a><\/b><\/p>\n<ul>\n<li><a href=\"http:\/\/444.hu\/2016\/09\/02\/a-valtozas-legnagyobb-gatja-elkepzelni-sem-tudjuk-hogy-lehetne-maskepp\" target=\"_blank\">A v\u00e1ltoz\u00e1s legnagyobb g\u00e1tja: elk\u00e9pzelni sem tudjuk, hogy lehetne m\u00e1sk\u00e9pp<\/a>\u00a0\u00e9s\u00a0<a href=\"http:\/\/verde.444.hu\/2016\/08\/18\/interju-a-nemnovekedes-apostolaval\" target=\"_blank\">\u00daj kommunizmus? Neo-hippimozgalom? Felh\u00edv\u00e1s kir\u00e1lyakaszt\u00e1sra? Mi az a nemn\u00f6veked\u00e9s?<\/a>\u00a0\u2013\u00a0444.hu<\/li>\n<li><a href=\"http:\/\/mno.hu\/belfold\/kozossegi-kert-1359819\" target=\"_blank\">Kert\u00e9szek lept\u00e9k el az \u00e9jszaka Budapestet<\/a>\u00a0\u2013 Magyar Nemzet<\/li>\n<li><a href=\"http:\/\/index.hu\/gazdasag\/2016\/08\/31\/nemnovekedes\/\" target=\"_blank\">Ne n\u00f6vekedj, provok\u00e1lj!<\/a>\u00a0\u2013 Index.hu<\/li>\n<li><a href=\"http:\/\/nol.hu\/gazdasag\/nem-hippimozgalom-a-nemnovekedes-1630263\" target=\"_blank\">Nem hippik, csak realist\u00e1k egy ill\u00fazi\u00f3t kerget\u0151 vil\u00e1gban<\/a>\u00a0\u2013 N\u00e9pszabadsag<\/li>\n<\/ul>\n<ul>\n<li><a href=\"http:\/\/rtl.hu\/rtlklub\/hirek\/nemnovekedes-konferenciat-tartottak\" target=\"_blank\">Ne<wbr \/>mn\u00f6veked\u00e9s konferenciat tartot<wbr \/>tak<\/a>\u00a0\u2013 RTL Klub<br \/>\n<a href=\"http:\/\/www.atv.hu\/videok\/video-20160902-joletet-hoz-a-nemnovekedes\" target=\"_blank\">J\u00f3l\u00e9tet hoz a nemn\u00f6veked\u00e9s?<\/a>\u00a0\u2013 ATV<\/li>\n<li><a href=\"http:\/\/www.mediaklikk.hu\/2016\/08\/24\/ter-ido-okohatekonyabban-termelunk-tobbet-okohatekonyabban-fogyasztunk-tobbet\/\" target=\"_blank\">\u00d6kohat\u00e9konyabban termel\u00fcnk t\u00f6bbet, \u00f6kohat\u00e9konyabban fogyasztunk t\u00f6bbet<\/a>\u00a0\u2013\u00a0Kossuth Radio<\/li>\n<\/ul>\n<p><a href=\"http:\/\/nemnovekedes.net\/wp-content\/uploads\/2016\/09\/14233013_1210091185688565_8001697683644862393_n.jpeg\"><img decoding=\"async\" loading=\"lazy\" alt=\"14233013_1210091185688565_8001697683644862393_n\" src=\"http:\/\/nemnovekedes.net\/wp-content\/uploads\/2016\/09\/14233013_1210091185688565_8001697683644862393_n-300x200.jpeg\" width=\"300\" height=\"200\" \/><\/a><a href=\"http:\/\/nemnovekedes.net\/wp-content\/uploads\/2016\/09\/14264097_1210093705688313_9209222735192829688_n.jpeg\"><img decoding=\"async\" loading=\"lazy\" alt=\"14264097_1210093705688313_9209222735192829688_n\" src=\"http:\/\/nemnovekedes.net\/wp-content\/uploads\/2016\/09\/14264097_1210093705688313_9209222735192829688_n-300x200.jpeg\" width=\"300\" height=\"200\" \/><\/a>\u00a0\u00a0\u00a0\u00a0<a href=\"http:\/\/nemnovekedes.net\/wp-content\/uploads\/2016\/09\/14212758_1210093242355026_3117252545475035600_n.jpeg\"><img decoding=\"async\" loading=\"lazy\" alt=\"14212758_1210093242355026_3117252545475035600_n\" src=\"http:\/\/nemnovekedes.net\/wp-content\/uploads\/2016\/09\/14212758_1210093242355026_3117252545475035600_n-300x200.jpeg\" width=\"300\" height=\"200\" \/><\/a>\u00a0<a href=\"http:\/\/nemnovekedes.net\/wp-content\/uploads\/2016\/09\/14199311_1210093109021706_6853639432353869212_n.jpeg\"><img decoding=\"async\" loading=\"lazy\" alt=\"14199311_1210093109021706_6853639432353869212_n\" src=\"http:\/\/nemnovekedes.net\/wp-content\/uploads\/2016\/09\/14199311_1210093109021706_6853639432353869212_n-300x200.jpeg\" width=\"300\" height=\"200\" \/><\/a>\u00a0\u00a0<a href=\"http:\/\/nemnovekedes.net\/wp-content\/uploads\/2016\/09\/14225397_1210092039021813_3563515041759301834_n.jpeg\"><img decoding=\"async\" loading=\"lazy\" alt=\"14225397_1210092039021813_3563515041759301834_n\" src=\"http:\/\/nemnovekedes.net\/wp-content\/uploads\/2016\/09\/14225397_1210092039021813_3563515041759301834_n-300x200.jpeg\" width=\"300\" height=\"200\" \/><\/a>\u00a0\u00a0<a href=\"http:\/\/nemnovekedes.net\/wp-content\/uploads\/2016\/09\/14192065_1210091312355219_7619284707874252925_n.jpeg\"><img decoding=\"async\" loading=\"lazy\" alt=\"14192065_1210091312355219_7619284707874252925_n\" src=\"http:\/\/nemnovekedes.net\/wp-content\/uploads\/2016\/09\/14192065_1210091312355219_7619284707874252925_n-300x200.jpeg\" width=\"300\" height=\"200\" \/><\/a>\u00a0Fotok\u00a0<a href=\"https:\/\/www.facebook.com\/cafebabelbudapest\/photos\/?tab=album&amp;album_id=1210091022355248\" target=\"_blank\">Caf\u00e9 Babel Budapest<\/a><\/p>\n<p dir=\"ltr\">Az 5. Nemzetk\u00f6zi Nemn\u00f6veked\u00e9s Konferenci\u00e1nak Budapest ad otthont 2016. augusztus 30. \u00e9s szeptember 3. k\u00f6z\u00f6tt.<\/p>\n<p><a href=\"http:\/\/budapest.degrowth.org\/wp-content\/uploads\/sites\/2\/2016\/08\/2016-Budapest-Degrowth-Week-Programmes.pdf\" target=\"_blank\"><img decoding=\"async\" loading=\"lazy\" class=\"wp-image-225 alignleft\" src=\"http:\/\/budapest.degrowth.org\/wp-content\/uploads\/sites\/2\/2015\/11\/green-snail.jpg\" alt=\"green snail\" width=\"69\" height=\"48\" srcset=\"https:\/\/budapest.degrowth.org\/wp-content\/uploads\/sites\/2\/2015\/11\/green-snail.jpg 335w, https:\/\/budapest.degrowth.org\/wp-content\/uploads\/sites\/2\/2015\/11\/green-snail-300x208.jpg 300w\" sizes=\"(max-width: 69px) 100vw, 69px\" \/><\/a><\/p>\n<p><a href=\"http:\/\/budapest.degrowth.org\/wp-content\/uploads\/sites\/2\/2016\/08\/2016-Budapest-Degrowth-Week-Programmes.pdf\" target=\"_blank\"><strong>Find the public Programmes here<\/strong><\/a><\/p>\n<p style=\"text-align: right;\"><a href=\"http:\/\/budapest.degrowth.org\/wp-content\/uploads\/sites\/2\/2016\/08\/Nemnovekedes-het-programmok.pdf\" target=\"_blank\" rel=\"attachment wp-att-217\"><strong>Nemn\u00f6vek\u00e9des H\u00e9t Program<\/strong><img decoding=\"async\" loading=\"lazy\" class=\"wp-image-217 alignnone\" src=\"http:\/\/budapest.degrowth.org\/wp-content\/uploads\/sites\/2\/2015\/11\/red-snail.jpg\" alt=\"red snail\" width=\"76\" height=\"52\" srcset=\"https:\/\/budapest.degrowth.org\/wp-content\/uploads\/sites\/2\/2015\/11\/red-snail.jpg 337w, https:\/\/budapest.degrowth.org\/wp-content\/uploads\/sites\/2\/2015\/11\/red-snail-300x205.jpg 300w\" sizes=\"(max-width: 76px) 100vw, 76px\" \/><\/a><\/p>\n<p dir=\"ltr\">Most el\u0151sz\u00f6r, a konferenci\u00e1val p\u00e1rhuzamosan megszervez\u00e9sre ker\u00fcl a \u201e<a href=\"http:\/\/budapest.degrowth.org\/?page_id=638\" target=\"_blank\">Budapesti Nemn\u00f6veked\u00e9s H\u00e9t<\/a>\u201d, amelynek keret\u00e9n bel\u00fcl \u2013 10 helysz\u00ednen t\u00f6bb mint 100 -, a nagyk\u00f6z\u00f6ns\u00e9g sz\u00e1m\u00e1ra is el\u00e9rhet\u0151 panelbesz\u00e9lget\u00e9sen; t\u00e1rsadalmi p\u00e1rbesz\u00e9det b\u00e1tor\u00edt\u00f3 vil\u00e1gk\u00e1v\u00e9z\u00f3n; gyakorlati workshopokon; alternat\u00edv szervezeteket \u00e9s megold\u00e1sokat bemutat\u00f3 t\u00far\u00e1kon; valamint m\u0171v\u00e9szeti, zenei \u00e9s kultur\u00e1lis esem\u00e9nyeken vehetnek r\u00e9szt az \u00e9rdekl\u0151d\u0151k.<\/p>\n<p dir=\"ltr\" style=\"text-align: center;\"><iframe loading=\"lazy\" src=\"https:\/\/www.youtube.com\/embed\/C_L9mRhkFfc\" width=\"309\" height=\"309\" frameborder=\"0\" allowfullscreen=\"allowfullscreen\"><\/iframe><\/p>\n<p><a href=\"http:\/\/budapest.degrowth.org\/wp-content\/uploads\/sites\/2\/2016\/03\/week.jpg\" rel=\"attachment wp-att-574\"><img decoding=\"async\" loading=\"lazy\" class=\"alignleft\" src=\"http:\/\/budapest.degrowth.org\/wp-content\/uploads\/sites\/2\/2016\/03\/week-300x298.jpg\" alt=\"Budapest degrowth week \" width=\"210\" height=\"209\" \/><\/a>A <a href=\"http:\/\/nemnovekedes.net\/\" target=\"_blank\">nemn\u00f6veked\u00e9s<\/a> gondolata az elm\u00falt 10 \u00e9v sor\u00e1n terjedt el. Mag\u00e1t a figyelemfelh\u00edv\u00e1sra sz\u00e1nt fogalmat olyan vit\u00e1kban kezdt\u00e9k el haszn\u00e1lni, amely arr\u00f3l sz\u00f3lt, hogy egy korl\u00e1tos vil\u00e1gban lehet-e, vagy egy\u00e1ltal\u00e1n akarunk-e n\u00f6vekedni. A konferencia \u00e9s a Nemn\u00f6veked\u00e9s H\u00e9t c\u00e9lja egyfel\u0151l, hogy megk\u00e9rd\u0151jelezze a n\u00f6veked\u00e9s sz\u00fcks\u00e9gess\u00e9g\u00e9t a korl\u00e1tok ismeret\u00e9ben \u00e9s seg\u00edtsen felm\u00e9rni a t\u00e1rsadalom kih\u00edv\u00e1sait ebb\u0151l a szempontb\u00f3l, m\u00e1sr\u00e9szt pedig, hogy t\u00e1rsadalmi p\u00e1rbesz\u00e9det kezdem\u00e9nyezzen a legk\u00fcl\u00f6nb\u00f6z\u0151bb szinteken a lehets\u00e9ges megold\u00e1sokr\u00f3l.<\/p>\n<p><em><strong><a href=\"http:\/\/verde.444.hu\/2016\/08\/18\/interju-a-nemnovekedes-apostolaval\" target=\"_blank\">Mi az a nemn\u00f6veked\u00e9s?\u00a0<\/a>&#8211; 444.hu<a href=\"http:\/\/www.atv.hu\/videok\/video-20160826-nem-lehet-a-vegtelensegig-novekedni\" target=\"_blank\"><br \/>\nNem lehet a v\u00e9gtelens\u00e9gig n\u00f6vekedni<\/a>\u00a0&#8211; ATV<br \/>\n<a href=\"http:\/\/www.mediaklikk.hu\/2016\/08\/23\/somody-imre-ki-kell-szallni-a-mokuskerekbol\/\" target=\"_blank\">&#8220;Ki kell sz\u00e1llni a m\u00f3kusker\u00e9kb\u0151l!&#8221;<\/a> &#8211; Kossuth Radio<\/strong><\/em><br \/>\n<em><strong><a href=\"http:\/\/nemnovekedes.net\/?page_id=23\" target=\"_blank\">J\u00f3l\u00e9t gazdas\u00e1gi n\u00f6veked\u00e9s n\u00e9lk\u00fcl<br \/>\n<\/a><\/strong><\/em><\/p>\n<p><a href=\"http:\/\/budapest.degrowth.org\/wp-content\/uploads\/sites\/2\/2016\/08\/SAJTOKOZLEMENY_Nemnovekedes_konferencia.pdf\" target=\"_blank\">SAJTOKOZLEMENY &#8211; Nemnovekedes Konferencia\/H\u00e9t<\/a><\/p>\n<p>&nbsp;<\/p>\n<p>&nbsp;<\/p>\n","protected":false},"excerpt":{"rendered":"<p>\u00a0Az 5. Nemzetk\u00f6zi Nemn\u00f6veked\u00e9s Konferenci\u00e1n Budapesten t\u00f6bb, mint 600 \u00e9rdekl\u0151d\u0151 vett r\u00e9szt a vil\u00e1g minden t\u00e1j\u00e1r\u00f3l. A konferencia tudom\u00e1nyos r\u00e9sze mellett els\u0151 \u00edzben ker\u00fclt megrendez\u00e9sre egy mindenki sz\u00e1m\u00e1ra nyitott fesztiv\u00e1l, a Budapesti Nemn\u00f6veked\u00e9s H\u00e9t, mely t\u00f6bb ezer r\u00e9sztvev\u0151t mozgatott meg a v\u00e1ros k\u00fcl\u00f6nb\u00f6z\u0151 pontjain. T\u00far\u00e1k, m\u0171v\u00e9szi el\u0151ad\u00e1sok, workshopok, panelbesz\u00e9lget\u00e9sek, \u00e9s [&hellip;]<\/p>\n","protected":false},"author":6,"featured_media":0,"parent":0,"menu_order":12,"comment_status":"closed","ping_status":"closed","template":"page-templates\/template-full-width.php","meta":[],"yoast_head":"<!-- This site is optimized with the Yoast SEO plugin v16.2 - https:\/\/yoast.com\/wordpress\/plugins\/seo\/ -->\n<title>Magyar - 5th International Degrowth Conference<\/title>\n<meta name=\"robots\" content=\"index, follow, max-snippet:-1, max-image-preview:large, max-video-preview:-1\" \/>\n<link rel=\"canonical\" href=\"https:\/\/budapest.degrowth.org\/?page_id=368\" \/>\n<meta property=\"og:locale\" content=\"en_US\" \/>\n<meta property=\"og:type\" content=\"article\" \/>\n<meta property=\"og:title\" content=\"Magyar - 5th International Degrowth Conference\" \/>\n<meta property=\"og:description\" content=\"\u00a0Az 5. Nemzetk\u00f6zi Nemn\u00f6veked\u00e9s Konferenci\u00e1n Budapesten t\u00f6bb, mint 600 \u00e9rdekl\u0151d\u0151 vett r\u00e9szt a vil\u00e1g minden t\u00e1j\u00e1r\u00f3l. A konferencia tudom\u00e1nyos r\u00e9sze mellett els\u0151 \u00edzben ker\u00fclt megrendez\u00e9sre egy mindenki sz\u00e1m\u00e1ra nyitott fesztiv\u00e1l, a Budapesti Nemn\u00f6veked\u00e9s H\u00e9t, mely t\u00f6bb ezer r\u00e9sztvev\u0151t mozgatott meg a v\u00e1ros k\u00fcl\u00f6nb\u00f6z\u0151 pontjain. T\u00far\u00e1k, m\u0171v\u00e9szi el\u0151ad\u00e1sok, workshopok, panelbesz\u00e9lget\u00e9sek, \u00e9s [&hellip;]\" \/>\n<meta property=\"og:url\" content=\"https:\/\/budapest.degrowth.org\/?page_id=368\" \/>\n<meta property=\"og:site_name\" content=\"5th International Degrowth Conference\" \/>\n<meta property=\"article:modified_time\" content=\"2016-09-15T09:32:05+00:00\" \/>\n<meta property=\"og:image\" content=\"http:\/\/budapest.degrowth.org\/wp-content\/uploads\/sites\/2\/2016\/03\/week-300x298.jpg\" \/>\n<meta name=\"twitter:card\" content=\"summary\" \/>\n<meta name=\"twitter:label1\" content=\"Est. reading time\">\n\t<meta name=\"twitter:data1\" content=\"4 minutes\">\n<script type=\"application\/ld+json\" class=\"yoast-schema-graph\">{\"@context\":\"https:\/\/schema.org\",\"@graph\":[{\"@type\":\"WebSite\",\"@id\":\"https:\/\/budapest.degrowth.org\/#website\",\"url\":\"https:\/\/budapest.degrowth.org\/\",\"name\":\"5th International Degrowth Conference\",\"description\":\"\",\"potentialAction\":[{\"@type\":\"SearchAction\",\"target\":\"https:\/\/budapest.degrowth.org\/?s={search_term_string}\",\"query-input\":\"required name=search_term_string\"}],\"inLanguage\":\"en-US\"},{\"@type\":\"ImageObject\",\"@id\":\"https:\/\/budapest.degrowth.org\/?page_id=368#primaryimage\",\"inLanguage\":\"en-US\",\"url\":\"http:\/\/budapest.degrowth.org\/wp-content\/uploads\/sites\/2\/2016\/03\/week-300x298.jpg\",\"contentUrl\":\"http:\/\/budapest.degrowth.org\/wp-content\/uploads\/sites\/2\/2016\/03\/week-300x298.jpg\"},{\"@type\":\"WebPage\",\"@id\":\"https:\/\/budapest.degrowth.org\/?page_id=368#webpage\",\"url\":\"https:\/\/budapest.degrowth.org\/?page_id=368\",\"name\":\"Magyar - 5th International Degrowth Conference\",\"isPartOf\":{\"@id\":\"https:\/\/budapest.degrowth.org\/#website\"},\"primaryImageOfPage\":{\"@id\":\"https:\/\/budapest.degrowth.org\/?page_id=368#primaryimage\"},\"datePublished\":\"2016-01-26T08:32:34+00:00\",\"dateModified\":\"2016-09-15T09:32:05+00:00\",\"breadcrumb\":{\"@id\":\"https:\/\/budapest.degrowth.org\/?page_id=368#breadcrumb\"},\"inLanguage\":\"en-US\",\"potentialAction\":[{\"@type\":\"ReadAction\",\"target\":[\"https:\/\/budapest.degrowth.org\/?page_id=368\"]}]},{\"@type\":\"BreadcrumbList\",\"@id\":\"https:\/\/budapest.degrowth.org\/?page_id=368#breadcrumb\",\"itemListElement\":[{\"@type\":\"ListItem\",\"position\":1,\"item\":{\"@type\":\"WebPage\",\"@id\":\"https:\/\/budapest.degrowth.org\/\",\"url\":\"https:\/\/budapest.degrowth.org\/\",\"name\":\"Home\"}},{\"@type\":\"ListItem\",\"position\":2,\"item\":{\"@id\":\"https:\/\/budapest.degrowth.org\/?page_id=368#webpage\"}}]}]}<\/script>\n<!-- \/ Yoast SEO plugin. -->","_links":{"self":[{"href":"https:\/\/budapest.degrowth.org\/index.php?rest_route=\/wp\/v2\/pages\/368"}],"collection":[{"href":"https:\/\/budapest.degrowth.org\/index.php?rest_route=\/wp\/v2\/pages"}],"about":[{"href":"https:\/\/budapest.degrowth.org\/index.php?rest_route=\/wp\/v2\/types\/page"}],"author":[{"embeddable":true,"href":"https:\/\/budapest.degrowth.org\/index.php?rest_route=\/wp\/v2\/users\/6"}],"replies":[{"embeddable":true,"href":"https:\/\/budapest.degrowth.org\/index.php?rest_route=%2Fwp%2Fv2%2Fcomments&post=368"}],"version-history":[{"count":22,"href":"https:\/\/budapest.degrowth.org\/index.php?rest_route=\/wp\/v2\/pages\/368\/revisions"}],"predecessor-version":[{"id":1439,"href":"https:\/\/budapest.degrowth.org\/index.php?rest_route=\/wp\/v2\/pages\/368\/revisions\/1439"}],"wp:attachment":[{"href":"https:\/\/budapest.degrowth.org\/index.php?rest_route=%2Fwp%2Fv2%2Fmedia&parent=368"}],"curies":[{"name":"wp","href":"https:\/\/api.w.org\/{rel}","templated":true}]}}