{"id":371,"date":"2016-01-26T09:03:41","date_gmt":"2016-01-26T09:03:41","guid":{"rendered":"http:\/\/budapest.degrowth.org\/?page_id=371"},"modified":"2016-07-07T09:52:06","modified_gmt":"2016-07-07T09:52:06","slug":"francais","status":"publish","type":"page","link":"https:\/\/budapest.degrowth.org\/?page_id=371","title":{"rendered":"Fran\u00e7ais"},"content":{"rendered":"<div class=\"synved-social-container synved-social-container-share\" style=\"text-align: right\"><a class=\"synved-social-button synved-social-button-share synved-social-size-16 synved-social-resolution-single synved-social-provider-facebook nolightbox\" data-provider=\"facebook\" target=\"_blank\" rel=\"nofollow\" title=\"Share on Facebook\" href=\"https:\/\/www.facebook.com\/sharer.php?u=https%3A%2F%2Fbudapest.degrowth.org%2Findex.php%3Frest_route%3D%252Fwp%252Fv2%252Fpages%252F371&#038;t=Fran%C3%A7ais&#038;s=100&#038;p&#091;url&#093;=https%3A%2F%2Fbudapest.degrowth.org%2Findex.php%3Frest_route%3D%252Fwp%252Fv2%252Fpages%252F371&#038;p&#091;images&#093;&#091;0&#093;=http%3A%2F%2Fbudapest.degrowth.viper.ecobytes.net%2Fwp-content%2Fuploads%2Fsites%2F2%2F2015%2F09%2Fdegrowth_conference_budapest_20161-300x298.png&#038;p&#091;title&#093;=Fran%C3%A7ais\" style=\"font-size: 0px; width:16px;height:16px;margin:0;margin-bottom:5px;margin-right:5px;\"><img alt=\"Facebook\" title=\"Share on Facebook\" class=\"synved-share-image synved-social-image synved-social-image-share\" width=\"16\" height=\"16\" style=\"display: inline; width:16px;height:16px; margin: 0; padding: 0; border: none; box-shadow: none;\" src=\"https:\/\/budapest.degrowth.org\/wp-content\/plugins\/social-media-feather\/synved-social\/image\/social\/regular\/32x32\/facebook.png\" \/><\/a><a class=\"synved-social-button synved-social-button-share synved-social-size-16 synved-social-resolution-single synved-social-provider-twitter nolightbox\" data-provider=\"twitter\" target=\"_blank\" rel=\"nofollow\" title=\"Share on Twitter\" href=\"https:\/\/twitter.com\/intent\/tweet?url=https%3A%2F%2Fbudapest.degrowth.org%2Findex.php%3Frest_route%3D%252Fwp%252Fv2%252Fpages%252F371&#038;text=Hey%20check%20this%20out\" style=\"font-size: 0px; width:16px;height:16px;margin:0;margin-bottom:5px;margin-right:5px;\"><img alt=\"twitter\" title=\"Share on Twitter\" class=\"synved-share-image synved-social-image synved-social-image-share\" width=\"16\" height=\"16\" style=\"display: inline; width:16px;height:16px; margin: 0; padding: 0; border: none; box-shadow: none;\" src=\"https:\/\/budapest.degrowth.org\/wp-content\/plugins\/social-media-feather\/synved-social\/image\/social\/regular\/32x32\/twitter.png\" \/><\/a><a class=\"synved-social-button synved-social-button-share synved-social-size-16 synved-social-resolution-single synved-social-provider-reddit nolightbox\" data-provider=\"reddit\" target=\"_blank\" rel=\"nofollow\" title=\"Share on Reddit\" href=\"https:\/\/www.reddit.com\/submit?url=https%3A%2F%2Fbudapest.degrowth.org%2Findex.php%3Frest_route%3D%252Fwp%252Fv2%252Fpages%252F371&#038;title=Fran%C3%A7ais\" style=\"font-size: 0px; width:16px;height:16px;margin:0;margin-bottom:5px;margin-right:5px;\"><img alt=\"reddit\" title=\"Share on Reddit\" class=\"synved-share-image synved-social-image synved-social-image-share\" width=\"16\" height=\"16\" style=\"display: inline; width:16px;height:16px; margin: 0; padding: 0; border: none; box-shadow: none;\" src=\"https:\/\/budapest.degrowth.org\/wp-content\/plugins\/social-media-feather\/synved-social\/image\/social\/regular\/32x32\/reddit.png\" \/><\/a><a class=\"synved-social-button synved-social-button-share synved-social-size-16 synved-social-resolution-single synved-social-provider-pinterest nolightbox\" data-provider=\"pinterest\" target=\"_blank\" rel=\"nofollow\" title=\"Pin it with Pinterest\" href=\"https:\/\/pinterest.com\/pin\/create\/button\/?url=https%3A%2F%2Fbudapest.degrowth.org%2Findex.php%3Frest_route%3D%252Fwp%252Fv2%252Fpages%252F371&#038;media=http%3A%2F%2Fbudapest.degrowth.viper.ecobytes.net%2Fwp-content%2Fuploads%2Fsites%2F2%2F2015%2F09%2Fdegrowth_conference_budapest_20161-300x298.png&#038;description=Fran%C3%A7ais\" style=\"font-size: 0px; width:16px;height:16px;margin:0;margin-bottom:5px;margin-right:5px;\"><img alt=\"pinterest\" title=\"Pin it with Pinterest\" class=\"synved-share-image synved-social-image synved-social-image-share\" width=\"16\" height=\"16\" style=\"display: inline; width:16px;height:16px; margin: 0; padding: 0; border: none; box-shadow: none;\" src=\"https:\/\/budapest.degrowth.org\/wp-content\/plugins\/social-media-feather\/synved-social\/image\/social\/regular\/32x32\/pinterest.png\" \/><\/a><a class=\"synved-social-button synved-social-button-share synved-social-size-16 synved-social-resolution-single synved-social-provider-linkedin nolightbox\" data-provider=\"linkedin\" target=\"_blank\" rel=\"nofollow\" title=\"Share on Linkedin\" href=\"https:\/\/www.linkedin.com\/shareArticle?mini=true&#038;url=https%3A%2F%2Fbudapest.degrowth.org%2Findex.php%3Frest_route%3D%252Fwp%252Fv2%252Fpages%252F371&#038;title=Fran%C3%A7ais\" style=\"font-size: 0px; width:16px;height:16px;margin:0;margin-bottom:5px;margin-right:5px;\"><img alt=\"linkedin\" title=\"Share on Linkedin\" class=\"synved-share-image synved-social-image synved-social-image-share\" width=\"16\" height=\"16\" style=\"display: inline; width:16px;height:16px; margin: 0; padding: 0; border: none; box-shadow: none;\" src=\"https:\/\/budapest.degrowth.org\/wp-content\/plugins\/social-media-feather\/synved-social\/image\/social\/regular\/32x32\/linkedin.png\" \/><\/a><a class=\"synved-social-button synved-social-button-share synved-social-size-16 synved-social-resolution-single synved-social-provider-tumblr nolightbox\" data-provider=\"tumblr\" target=\"_blank\" rel=\"nofollow\" title=\"Share on tumblr\" href=\"https:\/\/tumblr.com\/share?s=&#038;v=3&#038;t=Fran%C3%A7ais&#038;u=https%3A%2F%2Fbudapest.degrowth.org%2Findex.php%3Frest_route%3D%252Fwp%252Fv2%252Fpages%252F371\" style=\"font-size: 0px; width:16px;height:16px;margin:0;margin-bottom:5px;margin-right:5px;\"><img alt=\"tumblr\" title=\"Share on tumblr\" class=\"synved-share-image synved-social-image synved-social-image-share\" width=\"16\" height=\"16\" style=\"display: inline; width:16px;height:16px; margin: 0; padding: 0; border: none; box-shadow: none;\" src=\"https:\/\/budapest.degrowth.org\/wp-content\/plugins\/social-media-feather\/synved-social\/image\/social\/regular\/32x32\/tumblr.png\" \/><\/a><a class=\"synved-social-button synved-social-button-share synved-social-size-16 synved-social-resolution-single synved-social-provider-mail nolightbox\" data-provider=\"mail\" rel=\"nofollow\" title=\"Share by email\" href=\"mailto:?subject=Fran%C3%A7ais&#038;body=Hey%20check%20this%20out:%20https%3A%2F%2Fbudapest.degrowth.org%2Findex.php%3Frest_route%3D%252Fwp%252Fv2%252Fpages%252F371\" style=\"font-size: 0px; width:16px;height:16px;margin:0;margin-bottom:5px;margin-right:5px;\"><img alt=\"mail\" title=\"Share by email\" class=\"synved-share-image synved-social-image synved-social-image-share\" width=\"16\" height=\"16\" style=\"display: inline; width:16px;height:16px; margin: 0; padding: 0; border: none; box-shadow: none;\" src=\"https:\/\/budapest.degrowth.org\/wp-content\/plugins\/social-media-feather\/synved-social\/image\/social\/regular\/32x32\/mail.png\" \/><\/a><\/div><p><span style=\"color: #000000;\"><a style=\"color: #000000;\" href=\"http:\/\/budapest.degrowth.org\" target=\"_blank\"><img decoding=\"async\" loading=\"lazy\" class=\"size-medium wp-image-38 alignleft\" src=\"http:\/\/budapest.degrowth.viper.ecobytes.net\/wp-content\/uploads\/sites\/2\/2015\/09\/degrowth_conference_budapest_20161-300x298.png\" alt=\"degrowth_conference_budapest_2016\" width=\"300\" height=\"298\" srcset=\"https:\/\/budapest.degrowth.org\/wp-content\/uploads\/sites\/2\/2015\/09\/degrowth_conference_budapest_20161-300x298.png 300w, https:\/\/budapest.degrowth.org\/wp-content\/uploads\/sites\/2\/2015\/09\/degrowth_conference_budapest_20161-150x150.png 150w, https:\/\/budapest.degrowth.org\/wp-content\/uploads\/sites\/2\/2015\/09\/degrowth_conference_budapest_20161.png 881w\" sizes=\"(max-width: 300px) 100vw, 300px\" \/><\/a><\/span><\/p>\n<p style=\"text-align: center;\"><strong>Invitation \u00e0 la 5\u00e8me Conf\u00e9rence Internationale de la D\u00e9croissance<\/strong><\/p>\n<p><strong>Du 30 ao\u00fbt au 3 septembre 2016, se tiendra \u00e0 Budapest\u00a0<a href=\"http:\/\/budapest.degrowth.org\/\" target=\"_blank\" data-saferedirecturl=\"https:\/\/www.google.com\/url?hl=fr&amp;q=http:\/\/budapest.degrowth.org\/&amp;source=gmail&amp;ust=1467966865366000&amp;usg=AFQjCNGo4KVwt2MzICCCU0e6tv95ylJCjA\">la 5\u00e9me Conf\u00e9rence Internationale de la D\u00e9croissance<\/a>.<\/strong><\/p>\n<p>Cette rencontre pr\u00e9voit de r\u00e9unir 600 universitaires et pratiquants de la D\u00e9croissance autour d\u2019ateliers participatifs et de pl\u00e9ni\u00e8res.\u00a0En parall\u00e8le, et pour la premi\u00e8re fois,\u00a0<a href=\"http:\/\/budapest.degrowth.org\/?page_id=638\" target=\"_blank\" data-saferedirecturl=\"https:\/\/www.google.com\/url?hl=fr&amp;q=http:\/\/budapest.degrowth.org\/?page_id%3D638&amp;source=gmail&amp;ust=1467966865366000&amp;usg=AFQjCNHd8VXZR_qv4oAoNmxNXCXVhGYLMg\">un festival ouvert<\/a>\u00a0proposera dans toute la ville des ateliers pratiques, des visites d\u2019alternatives o\u00f9 cr\u00e9ativit\u00e9 et d\u00e9mocratie participative se m\u00ealeront \u00e0 la convivialit\u00e9 pour imaginer d\u2019autres possibles.<\/p>\n<p>La derni\u00e8re rencontre de septembre 2014\u00a0a connu\u00a0<a href=\"https:\/\/reporterre.net\/La-decroissance-s-enracine-en\" target=\"_blank\" data-saferedirecturl=\"https:\/\/www.google.com\/url?hl=fr&amp;q=https:\/\/reporterre.net\/La-decroissance-s-enracine-en&amp;source=gmail&amp;ust=1467966865366000&amp;usg=AFQjCNHjvf5cVKDosF0RuhXZTczxVzceIw\">un vif succ\u00e8s \u00e0 Leipzig<\/a>\u00a0avec pas moins de 3400 participants de 74 pays. Depuis, <a href=\"http:\/\/www.projet-decroissance.net\/?p=2168\">la D\u00e9croissance est de plus en plus pr\u00e9sente<\/a>dans les d\u00e9bats acad\u00e9miques, elle s\u2019internationalise et interpelle, propose, suscite des d\u00e9bats sous diverses formes, de mani\u00e8re d\u00e9centralis\u00e9e et participative.\u00a0<a href=\"http:\/\/nemnovekedes.net\/?p=127\" target=\"_blank\" data-saferedirecturl=\"https:\/\/www.google.com\/url?hl=fr&amp;q=http:\/\/nemnovekedes.net\/?p%3D127&amp;source=gmail&amp;ust=1467966865366000&amp;usg=AFQjCNHiNs6MPLp3ApoN4bbutEbn-r3INQ\">Dans un contexte<\/a>\u00a0historique, social, culturel et politique stimulant, nous vous invitons \u00e0 venir dialoguer \u00e0 Budapest aussi bien avec des universitaires que des exp\u00e9rimentateurs, des activistes que des artistes, mais aussi avec la soci\u00e9t\u00e9 civile.<\/p>\n<p>Autour d\u2019une organisation r\u00e9gionale s\u2019appuyant sur\u00a0<a href=\"http:\/\/www.cafebabel.fr\/style-de-vie\/article\/cargonomia-lalternative-economique-venue-de-hongrie.html\" target=\"_blank\" data-saferedirecturl=\"https:\/\/www.google.com\/url?hl=fr&amp;q=http:\/\/www.cafebabel.fr\/style-de-vie\/article\/cargonomia-lalternative-economique-venue-de-hongrie.html&amp;source=gmail&amp;ust=1467966865366000&amp;usg=AFQjCNEUt7V7CnmNKME0liJ9EJrFG3y6QA\">un r\u00e9seau d\u2019alternatives locales dynamiques<\/a>, diverses approches et perceptions vont se rencontrer autour de discussions sur les relations Nord\/Sud ou Est-Ouest, sur les limites de la croissance aussi bien d\u2019un point de vue physique que culturel. Des exp\u00e9rimentations, mais aussi des r\u00e9flexions, des solutions sur diff\u00e9rents niveaux seront propos\u00e9es, en provenance d\u2019Inde, du Br\u00e9sil, du Mali, des Balkans ou encore de toute l\u2019Europe de l\u2019Ouest. Partout la question des limites, du bien-\u00eatre, du sens de nos activit\u00e9s, de la d\u00e9mocratie se pose et partout des solutions sont exp\u00e9riment\u00e9es.<\/p>\n<p>Rendez-vous \u00e0 Budapest \u00e0 la fin de l\u2019\u00e9t\u00e9, pour\u00a0<a href=\"https:\/\/reporterre.net\/Nos-vies-sont-colonisees-par-l-economie\" target=\"_blank\" data-saferedirecturl=\"https:\/\/www.google.com\/url?hl=fr&amp;q=https:\/\/reporterre.net\/Nos-vies-sont-colonisees-par-l-economie&amp;source=gmail&amp;ust=1467966865366000&amp;usg=AFQjCNH-yMfk2lsUpSjb6HaBZ2kihHLfAg\">une nouvelle grande transformation<\/a>, sereine et d\u00e9mocratique, pour de nouveaux mondes soutenables, relocalis\u00e9s et ouverts, souhaitables, autonomes et conviviaux.<\/p>\n<p>Plus d\u2019informations pratiques sur\u00a0<a href=\"http:\/\/www.budapest.degrowth.org\/\" target=\"_blank\" data-saferedirecturl=\"https:\/\/www.google.com\/url?hl=fr&amp;q=http:\/\/www.budapest.degrowth.org\/&amp;source=gmail&amp;ust=1467966865366000&amp;usg=AFQjCNGEDb2Iwk9wX7CHQIVIaS0AKv67og\">www.budapest.degrowth.org<\/a>\u00a0<wbr \/>et dans notre\u00a0<a href=\"http:\/\/budapest.degrowth.org\/wp-content\/uploads\/sites\/2\/2016\/06\/Budapest-Degrowth-Conference-Press-Package.pdf?18d38a\" target=\"_blank\" data-saferedirecturl=\"https:\/\/www.google.com\/url?hl=fr&amp;q=http:\/\/budapest.degrowth.org\/wp-content\/uploads\/sites\/2\/2016\/06\/Budapest-Degrowth-Conference-Press-Package.pdf?18d38a&amp;source=gmail&amp;ust=1467966865366000&amp;usg=AFQjCNE2FO2Zu7WQ-BewVqArbZVEkmiFsA\">dossier de presse<\/a>.<\/p>\n<p>Rendez-vous\u00a0\u00e0 Budapest \u00e0 la fin de l&#8217;\u00e9t\u00e9 !<\/p>\n<p><b><i><a href=\"http:\/\/budapest.degrowth.org\/?page_id=310\" target=\"_blank\" data-saferedirecturl=\"https:\/\/www.google.com\/url?hl=fr&amp;q=http:\/\/budapest.degrowth.org\/?page_id%3D310&amp;source=gmail&amp;ust=1467966865366000&amp;usg=AFQjCNFNywPo2p8JEXi603ZaXiIKtVJFrA\">L\u2019\u00e9quipe d\u2019organisation<\/a><br \/>\n<a href=\"mailto:contact@budapest.degrowth.org\" target=\"_blank\">contact@budapest.degrowth.org<\/a><\/i><\/b><\/p>\n<p><b><i><a href=\"https:\/\/www.facebook.com\/budapestdegrowth\/?fref=ts\" target=\"_blank\" data-saferedirecturl=\"https:\/\/www.google.com\/url?hl=fr&amp;q=https:\/\/www.facebook.com\/budapestdegrowth\/?fref%3Dts&amp;source=gmail&amp;ust=1467966865366000&amp;usg=AFQjCNGIZACxhWJEBuXjvT07JNEZe8e3Ww\">Pour suivre notre actualit\u00e9, rejoignez-nous ici.<\/a><\/i><\/b><\/p>\n<p><em><span style=\"color: #000000;\">Pour plus d&#8217;infos et de discussions autour de cette conf\u00e9rence, retrouvez l&#8217;\u00e9mission sp\u00e9ciale sur Tilos radio avec\u00a0<a style=\"color: #000000;\" href=\"http:\/\/hu-lala.org\" target=\"_blank\">Hu-lala<\/a> \u00e0 laquelle l&#8217;\u00e9quipe d&#8217;organisation francophone a particip\u00e9 :<\/span><\/em><\/p>\n<p><span style=\"color: #000000;\"><iframe loading=\"lazy\" src=\"https:\/\/www.mixcloud.com\/widget\/iframe\/?embed_type=widget_standard&amp;embed_uuid=de08bf1a-d182-4a65-92b8-efaf9297f39b&amp;feed=https%3A%2F%2Fwww.mixcloud.com%2FHu_lala%2Fla-conf%25C3%25A9rence-internationale-de-la-d%25C3%25A9croissance-sera-%25C3%25A0-budapest%2F&amp;hide_cover=1&amp;hide_tracklist=1&amp;replace=0\" width=\"660\" height=\"180\" frameborder=\"0\"><\/iframe><\/span><\/p>\n<p><span style=\"color: #000000;\">Rendez-vous\u00a0\u00e0 Budapest \u00e0 la fin de l&#8217;\u00e9t\u00e9 !<\/span><\/p>\n","protected":false},"excerpt":{"rendered":"<p>Invitation \u00e0 la 5\u00e8me Conf\u00e9rence Internationale de la D\u00e9croissance Du 30 ao\u00fbt au 3 septembre 2016, se tiendra \u00e0 Budapest\u00a0la 5\u00e9me Conf\u00e9rence Internationale de la D\u00e9croissance. Cette rencontre pr\u00e9voit de r\u00e9unir 600 universitaires et pratiquants de la D\u00e9croissance autour d\u2019ateliers participatifs et de pl\u00e9ni\u00e8res.\u00a0En parall\u00e8le, et pour la premi\u00e8re fois,\u00a0un [&hellip;]<\/p>\n","protected":false},"author":6,"featured_media":0,"parent":425,"menu_order":11,"comment_status":"closed","ping_status":"closed","template":"page-templates\/template-full-width.php","meta":[],"yoast_head":"<!-- This site is optimized with the Yoast SEO plugin v16.2 - https:\/\/yoast.com\/wordpress\/plugins\/seo\/ -->\n<title>Fran\u00e7ais - 5th International Degrowth Conference<\/title>\n<meta name=\"robots\" content=\"index, follow, max-snippet:-1, max-image-preview:large, max-video-preview:-1\" \/>\n<link rel=\"canonical\" href=\"https:\/\/budapest.degrowth.org\/?page_id=371\" \/>\n<meta property=\"og:locale\" content=\"en_US\" \/>\n<meta property=\"og:type\" content=\"article\" \/>\n<meta property=\"og:title\" content=\"Fran\u00e7ais - 5th International Degrowth Conference\" \/>\n<meta property=\"og:description\" content=\"Invitation \u00e0 la 5\u00e8me Conf\u00e9rence Internationale de la D\u00e9croissance Du 30 ao\u00fbt au 3 septembre 2016, se tiendra \u00e0 Budapest\u00a0la 5\u00e9me Conf\u00e9rence Internationale de la D\u00e9croissance. Cette rencontre pr\u00e9voit de r\u00e9unir 600 universitaires et pratiquants de la D\u00e9croissance autour d\u2019ateliers participatifs et de pl\u00e9ni\u00e8res.\u00a0En parall\u00e8le, et pour la premi\u00e8re fois,\u00a0un [&hellip;]\" \/>\n<meta property=\"og:url\" content=\"https:\/\/budapest.degrowth.org\/?page_id=371\" \/>\n<meta property=\"og:site_name\" content=\"5th International Degrowth Conference\" \/>\n<meta property=\"article:modified_time\" content=\"2016-07-07T09:52:06+00:00\" \/>\n<meta property=\"og:image\" content=\"http:\/\/budapest.degrowth.viper.ecobytes.net\/wp-content\/uploads\/sites\/2\/2015\/09\/degrowth_conference_budapest_20161-300x298.png\" \/>\n<meta name=\"twitter:card\" content=\"summary\" \/>\n<meta name=\"twitter:label1\" content=\"Est. reading time\">\n\t<meta name=\"twitter:data1\" content=\"2 minutes\">\n<script type=\"application\/ld+json\" class=\"yoast-schema-graph\">{\"@context\":\"https:\/\/schema.org\",\"@graph\":[{\"@type\":\"WebSite\",\"@id\":\"https:\/\/budapest.degrowth.org\/#website\",\"url\":\"https:\/\/budapest.degrowth.org\/\",\"name\":\"5th International Degrowth Conference\",\"description\":\"\",\"potentialAction\":[{\"@type\":\"SearchAction\",\"target\":\"https:\/\/budapest.degrowth.org\/?s={search_term_string}\",\"query-input\":\"required name=search_term_string\"}],\"inLanguage\":\"en-US\"},{\"@type\":\"ImageObject\",\"@id\":\"https:\/\/budapest.degrowth.org\/?page_id=371#primaryimage\",\"inLanguage\":\"en-US\",\"url\":\"http:\/\/budapest.degrowth.viper.ecobytes.net\/wp-content\/uploads\/sites\/2\/2015\/09\/degrowth_conference_budapest_20161-300x298.png\",\"contentUrl\":\"http:\/\/budapest.degrowth.viper.ecobytes.net\/wp-content\/uploads\/sites\/2\/2015\/09\/degrowth_conference_budapest_20161-300x298.png\"},{\"@type\":\"WebPage\",\"@id\":\"https:\/\/budapest.degrowth.org\/?page_id=371#webpage\",\"url\":\"https:\/\/budapest.degrowth.org\/?page_id=371\",\"name\":\"Fran\\u00e7ais - 5th International Degrowth Conference\",\"isPartOf\":{\"@id\":\"https:\/\/budapest.degrowth.org\/#website\"},\"primaryImageOfPage\":{\"@id\":\"https:\/\/budapest.degrowth.org\/?page_id=371#primaryimage\"},\"datePublished\":\"2016-01-26T09:03:41+00:00\",\"dateModified\":\"2016-07-07T09:52:06+00:00\",\"breadcrumb\":{\"@id\":\"https:\/\/budapest.degrowth.org\/?page_id=371#breadcrumb\"},\"inLanguage\":\"en-US\",\"potentialAction\":[{\"@type\":\"ReadAction\",\"target\":[\"https:\/\/budapest.degrowth.org\/?page_id=371\"]}]},{\"@type\":\"BreadcrumbList\",\"@id\":\"https:\/\/budapest.degrowth.org\/?page_id=371#breadcrumb\",\"itemListElement\":[{\"@type\":\"ListItem\",\"position\":1,\"item\":{\"@type\":\"WebPage\",\"@id\":\"https:\/\/budapest.degrowth.org\/\",\"url\":\"https:\/\/budapest.degrowth.org\/\",\"name\":\"Home\"}},{\"@type\":\"ListItem\",\"position\":2,\"item\":{\"@type\":\"WebPage\",\"@id\":\"https:\/\/budapest.degrowth.org\/?page_id=425\",\"url\":\"https:\/\/budapest.degrowth.org\/?page_id=425\",\"name\":\"Other languages\"}},{\"@type\":\"ListItem\",\"position\":3,\"item\":{\"@id\":\"https:\/\/budapest.degrowth.org\/?page_id=371#webpage\"}}]}]}<\/script>\n<!-- \/ Yoast SEO plugin. -->","_links":{"self":[{"href":"https:\/\/budapest.degrowth.org\/index.php?rest_route=\/wp\/v2\/pages\/371"}],"collection":[{"href":"https:\/\/budapest.degrowth.org\/index.php?rest_route=\/wp\/v2\/pages"}],"about":[{"href":"https:\/\/budapest.degrowth.org\/index.php?rest_route=\/wp\/v2\/types\/page"}],"author":[{"embeddable":true,"href":"https:\/\/budapest.degrowth.org\/index.php?rest_route=\/wp\/v2\/users\/6"}],"replies":[{"embeddable":true,"href":"https:\/\/budapest.degrowth.org\/index.php?rest_route=%2Fwp%2Fv2%2Fcomments&post=371"}],"version-history":[{"count":13,"href":"https:\/\/budapest.degrowth.org\/index.php?rest_route=\/wp\/v2\/pages\/371\/revisions"}],"predecessor-version":[{"id":1116,"href":"https:\/\/budapest.degrowth.org\/index.php?rest_route=\/wp\/v2\/pages\/371\/revisions\/1116"}],"up":[{"embeddable":true,"href":"https:\/\/budapest.degrowth.org\/index.php?rest_route=\/wp\/v2\/pages\/425"}],"wp:attachment":[{"href":"https:\/\/budapest.degrowth.org\/index.php?rest_route=%2Fwp%2Fv2%2Fmedia&parent=371"}],"curies":[{"name":"wp","href":"https:\/\/api.w.org\/{rel}","templated":true}]}}