{"id":521,"date":"2016-03-12T16:20:03","date_gmt":"2016-03-12T16:20:03","guid":{"rendered":"http:\/\/budapest.degrowth.org\/?page_id=521"},"modified":"2016-04-21T14:44:37","modified_gmt":"2016-04-21T14:44:37","slug":"catalan","status":"publish","type":"page","link":"https:\/\/budapest.degrowth.org\/?page_id=521","title":{"rendered":"Catalan"},"content":{"rendered":"<div class=\"synved-social-container synved-social-container-share\" style=\"text-align: right\"><a class=\"synved-social-button synved-social-button-share synved-social-size-16 synved-social-resolution-single synved-social-provider-facebook nolightbox\" data-provider=\"facebook\" target=\"_blank\" rel=\"nofollow\" title=\"Share on Facebook\" href=\"https:\/\/www.facebook.com\/sharer.php?u=https%3A%2F%2Fbudapest.degrowth.org%2Findex.php%3Frest_route%3D%252Fwp%252Fv2%252Fpages%252F521&#038;t=Catalan&#038;s=100&#038;p&#091;url&#093;=https%3A%2F%2Fbudapest.degrowth.org%2Findex.php%3Frest_route%3D%252Fwp%252Fv2%252Fpages%252F521&#038;p&#091;images&#093;&#091;0&#093;=http%3A%2F%2Fbudapest.degrowth.viper.ecobytes.net%2Fwp-content%2Fuploads%2Fsites%2F2%2F2015%2F09%2Fdegrowth_conference_budapest_20161-300x298.png&#038;p&#091;title&#093;=Catalan\" style=\"font-size: 0px; width:16px;height:16px;margin:0;margin-bottom:5px;margin-right:5px;\"><img alt=\"Facebook\" title=\"Share on Facebook\" class=\"synved-share-image synved-social-image synved-social-image-share\" width=\"16\" height=\"16\" style=\"display: inline; width:16px;height:16px; margin: 0; padding: 0; border: none; box-shadow: none;\" src=\"https:\/\/budapest.degrowth.org\/wp-content\/plugins\/social-media-feather\/synved-social\/image\/social\/regular\/32x32\/facebook.png\" \/><\/a><a class=\"synved-social-button synved-social-button-share synved-social-size-16 synved-social-resolution-single synved-social-provider-twitter nolightbox\" data-provider=\"twitter\" target=\"_blank\" rel=\"nofollow\" title=\"Share on Twitter\" href=\"https:\/\/twitter.com\/intent\/tweet?url=https%3A%2F%2Fbudapest.degrowth.org%2Findex.php%3Frest_route%3D%252Fwp%252Fv2%252Fpages%252F521&#038;text=Hey%20check%20this%20out\" style=\"font-size: 0px; width:16px;height:16px;margin:0;margin-bottom:5px;margin-right:5px;\"><img alt=\"twitter\" title=\"Share on Twitter\" class=\"synved-share-image synved-social-image synved-social-image-share\" width=\"16\" height=\"16\" style=\"display: inline; width:16px;height:16px; margin: 0; padding: 0; border: none; box-shadow: none;\" src=\"https:\/\/budapest.degrowth.org\/wp-content\/plugins\/social-media-feather\/synved-social\/image\/social\/regular\/32x32\/twitter.png\" \/><\/a><a class=\"synved-social-button synved-social-button-share synved-social-size-16 synved-social-resolution-single synved-social-provider-reddit nolightbox\" data-provider=\"reddit\" target=\"_blank\" rel=\"nofollow\" title=\"Share on Reddit\" href=\"https:\/\/www.reddit.com\/submit?url=https%3A%2F%2Fbudapest.degrowth.org%2Findex.php%3Frest_route%3D%252Fwp%252Fv2%252Fpages%252F521&#038;title=Catalan\" style=\"font-size: 0px; width:16px;height:16px;margin:0;margin-bottom:5px;margin-right:5px;\"><img alt=\"reddit\" title=\"Share on Reddit\" class=\"synved-share-image synved-social-image synved-social-image-share\" width=\"16\" height=\"16\" style=\"display: inline; width:16px;height:16px; margin: 0; padding: 0; border: none; box-shadow: none;\" src=\"https:\/\/budapest.degrowth.org\/wp-content\/plugins\/social-media-feather\/synved-social\/image\/social\/regular\/32x32\/reddit.png\" \/><\/a><a class=\"synved-social-button synved-social-button-share synved-social-size-16 synved-social-resolution-single synved-social-provider-pinterest nolightbox\" data-provider=\"pinterest\" target=\"_blank\" rel=\"nofollow\" title=\"Pin it with Pinterest\" href=\"https:\/\/pinterest.com\/pin\/create\/button\/?url=https%3A%2F%2Fbudapest.degrowth.org%2Findex.php%3Frest_route%3D%252Fwp%252Fv2%252Fpages%252F521&#038;media=http%3A%2F%2Fbudapest.degrowth.viper.ecobytes.net%2Fwp-content%2Fuploads%2Fsites%2F2%2F2015%2F09%2Fdegrowth_conference_budapest_20161-300x298.png&#038;description=Catalan\" style=\"font-size: 0px; width:16px;height:16px;margin:0;margin-bottom:5px;margin-right:5px;\"><img alt=\"pinterest\" title=\"Pin it with Pinterest\" class=\"synved-share-image synved-social-image synved-social-image-share\" width=\"16\" height=\"16\" style=\"display: inline; width:16px;height:16px; margin: 0; padding: 0; border: none; box-shadow: none;\" src=\"https:\/\/budapest.degrowth.org\/wp-content\/plugins\/social-media-feather\/synved-social\/image\/social\/regular\/32x32\/pinterest.png\" \/><\/a><a class=\"synved-social-button synved-social-button-share synved-social-size-16 synved-social-resolution-single synved-social-provider-linkedin nolightbox\" data-provider=\"linkedin\" target=\"_blank\" rel=\"nofollow\" title=\"Share on Linkedin\" href=\"https:\/\/www.linkedin.com\/shareArticle?mini=true&#038;url=https%3A%2F%2Fbudapest.degrowth.org%2Findex.php%3Frest_route%3D%252Fwp%252Fv2%252Fpages%252F521&#038;title=Catalan\" style=\"font-size: 0px; width:16px;height:16px;margin:0;margin-bottom:5px;margin-right:5px;\"><img alt=\"linkedin\" title=\"Share on Linkedin\" class=\"synved-share-image synved-social-image synved-social-image-share\" width=\"16\" height=\"16\" style=\"display: inline; width:16px;height:16px; margin: 0; padding: 0; border: none; box-shadow: none;\" src=\"https:\/\/budapest.degrowth.org\/wp-content\/plugins\/social-media-feather\/synved-social\/image\/social\/regular\/32x32\/linkedin.png\" \/><\/a><a class=\"synved-social-button synved-social-button-share synved-social-size-16 synved-social-resolution-single synved-social-provider-tumblr nolightbox\" data-provider=\"tumblr\" target=\"_blank\" rel=\"nofollow\" title=\"Share on tumblr\" href=\"https:\/\/tumblr.com\/share?s=&#038;v=3&#038;t=Catalan&#038;u=https%3A%2F%2Fbudapest.degrowth.org%2Findex.php%3Frest_route%3D%252Fwp%252Fv2%252Fpages%252F521\" style=\"font-size: 0px; width:16px;height:16px;margin:0;margin-bottom:5px;margin-right:5px;\"><img alt=\"tumblr\" title=\"Share on tumblr\" class=\"synved-share-image synved-social-image synved-social-image-share\" width=\"16\" height=\"16\" style=\"display: inline; width:16px;height:16px; margin: 0; padding: 0; border: none; box-shadow: none;\" src=\"https:\/\/budapest.degrowth.org\/wp-content\/plugins\/social-media-feather\/synved-social\/image\/social\/regular\/32x32\/tumblr.png\" \/><\/a><a class=\"synved-social-button synved-social-button-share synved-social-size-16 synved-social-resolution-single synved-social-provider-mail nolightbox\" data-provider=\"mail\" rel=\"nofollow\" title=\"Share by email\" href=\"mailto:?subject=Catalan&#038;body=Hey%20check%20this%20out:%20https%3A%2F%2Fbudapest.degrowth.org%2Findex.php%3Frest_route%3D%252Fwp%252Fv2%252Fpages%252F521\" style=\"font-size: 0px; width:16px;height:16px;margin:0;margin-bottom:5px;margin-right:5px;\"><img alt=\"mail\" title=\"Share by email\" class=\"synved-share-image synved-social-image synved-social-image-share\" width=\"16\" height=\"16\" style=\"display: inline; width:16px;height:16px; margin: 0; padding: 0; border: none; box-shadow: none;\" src=\"https:\/\/budapest.degrowth.org\/wp-content\/plugins\/social-media-feather\/synved-social\/image\/social\/regular\/32x32\/mail.png\" \/><\/a><\/div><p><strong><img decoding=\"async\" class=\"alignleft\" src=\"http:\/\/budapest.degrowth.viper.ecobytes.net\/wp-content\/uploads\/sites\/2\/2015\/09\/degrowth_conference_budapest_20161-300x298.png\" alt=\"degrowth_conference_budapest_2016\" \/>Budapest acollir\u00e0 del 30 d&#8217;agost al 3 de setembre del 2016 la 5a Confer\u00e8ncia Internacional sobre Decreixement a la Universitat Corvinus. La confer\u00e8ncia vol connectar els pensadors m\u00e9s importants del moment amb acad\u00e8mics i participants hongaresos i internacionals. A la vegada, tindr\u00e0 lloc a Budapest la primera Setmana sobre Decreixement en la qual participaran nombrosos responsables pol\u00edtics, activistes i actors del decreixement.<\/strong><\/p>\n<p>El decreixement \u00e9s un moviment que ens recorda que el creixement infinit en un planeta finit no \u00e9s ni sostenible ni desitjable. El decreixement desmunta el mite segons el qual el creixement \u00e9s la soluci\u00f3 al punt mort al qual ens ha portat el nostre model de societat. Aquest moviment intenta comprendre la converg\u00e8ncia de crisis que estem experimentant, argumentant que aquestes estan interconnectades. T\u00e9 com a objectiu construir camins serens i democr\u00e0tics cap a una major just\u00edcia social i mediambiental, cap al benestar, l&#8217;emancipaci\u00f3, la conviv\u00e8ncia i l&#8217;autonomia per a una exist\u00e8ncia m\u00e9s significativa.<\/p>\n<p>Budapest acollir\u00e0 la 5a Confer\u00e8ncia Internacional sobre Decreixement del dia 30 d&#8217;agost al 3 de setembre del 2016. Despr\u00e9s de Par\u00eds l&#8217;any 2008, Barcelona el 2010, Ven\u00e8cia el 2012 i Leipzig el 2014, la confer\u00e8ncia, que se centra en la sostenibilitat ecol\u00f2gica i l&#8217;equitat social, tindr\u00e0 lloc a la Universitat Corvinus de Budapest.<\/p>\n<p>En primer lloc, la confer\u00e8ncia servir\u00e0 com a espai de trobada per a prominents investigadors acad\u00e8mics d&#8217;arreu del m\u00f3n. Cada dos anys, aquestes reunions ofereixen un espai de debat sobre els darrers aven\u00e7os en aquest nou camp interdisciplinari de recerca. Es tracten principalment temes relacionats amb l&#8217;incompliment dels l\u00edmits mediambientals i el frac\u00e0s de les infraestructures econ\u00f2miques a l&#8217;hora de proporcionar els mitjans per una vida digna dins de la societat. Durant la confer\u00e8ncia, la comunitat cient\u00edfica tamb\u00e9 interactua amb altres professionals per tal d&#8217;articular alternatives viables als models socioecon\u00f2mics actuals.<\/p>\n<p>La confer\u00e8ncia inclour\u00e0 tamb\u00e9 un espai obert al p\u00fablic: Budapest ser\u00e0 el bressol d&#8217;una nova iniciativa anomenada la Setmana sobre Decreixement, a partir de la qual es crear\u00e0 una nova plataforma per a activitats i tallers pr\u00e0ctics, col\u00b7laboracions amb iniciatives locals i debats oberts entre un ampli cercle d&#8217;actors i programes culturals, art\u00edstics i creatius per tota la ciutat. Durant la primavera del 2016, el p\u00fablic podr\u00e0 participar igualment ajudant en l&#8217;organitzaci\u00f3 dels esdeveniments de la Setmana sobre Decreixement.<\/p>\n<p>A Hongria, el decreixement no \u00e9s un concepte completament nou. A la confer\u00e8ncia es destacar\u00e0 el treball del reconegut pensador hongar\u00e8s Karl Polanyi i la seva obra m\u00e9s important \u201cLa gran transformaci\u00f3\u201d. D\u00e8cades despr\u00e9s de la publicaci\u00f3 d&#8217;aquesta obra, el decreixement ressorg\u00ed a Hongria el 2011 amb la versi\u00f3 en hongar\u00e8s del llibre \u201cPetit tractat del decreixement ser\u00e8\u201d de Serge Latouche. Des d&#8217;aleshores, el tema del decreixement ha estat fortament debatut al pa\u00eds, amb la publicaci\u00f3 de nombrosos llibres i articles, a m\u00e9s de l&#8217;organitzaci\u00f3 de debats p\u00fablics i tallers participatius. Aquest moviment tamb\u00e9 ha influenciat el desenvolupament d&#8217;iniciatives locals com Cyclomania o Cargonomia.<\/p>\n<p><em><strong>Acompanya&#8217;ns a Budapest.<\/strong><\/em><br \/>\n<em><strong>L&#8217;equip organitzatiu de la Confer\u00e8ncia sobre Decreixement a Budapest<\/strong><\/em><br \/>\n<em><strong><a href=\"http:\/\/budapest.degrowth.org\/\">http:\/\/budapest.degrowth.org\/<\/a><\/strong><\/em><br \/>\n<a href=\"http:\/\/contact@budapest-degrowth.org\"><em><strong>contact@budapest-degrowth.org<\/strong> <\/em><\/a><\/p>\n","protected":false},"excerpt":{"rendered":"<p>Budapest acollir\u00e0 del 30 d&#8217;agost al 3 de setembre del 2016 la 5a Confer\u00e8ncia Internacional sobre Decreixement a la Universitat Corvinus. La confer\u00e8ncia vol connectar els pensadors m\u00e9s importants del moment amb acad\u00e8mics i participants hongaresos i internacionals. A la vegada, tindr\u00e0 lloc a Budapest la primera Setmana sobre Decreixement [&hellip;]<\/p>\n","protected":false},"author":6,"featured_media":0,"parent":425,"menu_order":9,"comment_status":"closed","ping_status":"closed","template":"page-templates\/template-full-width.php","meta":[],"yoast_head":"<!-- This site is optimized with the Yoast SEO plugin v16.2 - https:\/\/yoast.com\/wordpress\/plugins\/seo\/ -->\n<title>Catalan - 5th International Degrowth Conference<\/title>\n<meta name=\"robots\" content=\"index, follow, max-snippet:-1, max-image-preview:large, max-video-preview:-1\" \/>\n<link rel=\"canonical\" href=\"https:\/\/budapest.degrowth.org\/?page_id=521\" \/>\n<meta property=\"og:locale\" content=\"en_US\" \/>\n<meta property=\"og:type\" content=\"article\" \/>\n<meta property=\"og:title\" content=\"Catalan - 5th International Degrowth Conference\" \/>\n<meta property=\"og:description\" content=\"Budapest acollir\u00e0 del 30 d&#8217;agost al 3 de setembre del 2016 la 5a Confer\u00e8ncia Internacional sobre Decreixement a la Universitat Corvinus. La confer\u00e8ncia vol connectar els pensadors m\u00e9s importants del moment amb acad\u00e8mics i participants hongaresos i internacionals. A la vegada, tindr\u00e0 lloc a Budapest la primera Setmana sobre Decreixement [&hellip;]\" \/>\n<meta property=\"og:url\" content=\"https:\/\/budapest.degrowth.org\/?page_id=521\" \/>\n<meta property=\"og:site_name\" content=\"5th International Degrowth Conference\" \/>\n<meta property=\"article:modified_time\" content=\"2016-04-21T14:44:37+00:00\" \/>\n<meta property=\"og:image\" content=\"http:\/\/budapest.degrowth.viper.ecobytes.net\/wp-content\/uploads\/sites\/2\/2015\/09\/degrowth_conference_budapest_20161-300x298.png\" \/>\n<meta name=\"twitter:card\" content=\"summary\" \/>\n<meta name=\"twitter:label1\" content=\"Est. reading time\">\n\t<meta name=\"twitter:data1\" content=\"3 minutes\">\n<script type=\"application\/ld+json\" class=\"yoast-schema-graph\">{\"@context\":\"https:\/\/schema.org\",\"@graph\":[{\"@type\":\"WebSite\",\"@id\":\"https:\/\/budapest.degrowth.org\/#website\",\"url\":\"https:\/\/budapest.degrowth.org\/\",\"name\":\"5th International Degrowth Conference\",\"description\":\"\",\"potentialAction\":[{\"@type\":\"SearchAction\",\"target\":\"https:\/\/budapest.degrowth.org\/?s={search_term_string}\",\"query-input\":\"required name=search_term_string\"}],\"inLanguage\":\"en-US\"},{\"@type\":\"ImageObject\",\"@id\":\"https:\/\/budapest.degrowth.org\/?page_id=521#primaryimage\",\"inLanguage\":\"en-US\",\"url\":\"http:\/\/budapest.degrowth.viper.ecobytes.net\/wp-content\/uploads\/sites\/2\/2015\/09\/degrowth_conference_budapest_20161-300x298.png\",\"contentUrl\":\"http:\/\/budapest.degrowth.viper.ecobytes.net\/wp-content\/uploads\/sites\/2\/2015\/09\/degrowth_conference_budapest_20161-300x298.png\"},{\"@type\":\"WebPage\",\"@id\":\"https:\/\/budapest.degrowth.org\/?page_id=521#webpage\",\"url\":\"https:\/\/budapest.degrowth.org\/?page_id=521\",\"name\":\"Catalan - 5th International Degrowth Conference\",\"isPartOf\":{\"@id\":\"https:\/\/budapest.degrowth.org\/#website\"},\"primaryImageOfPage\":{\"@id\":\"https:\/\/budapest.degrowth.org\/?page_id=521#primaryimage\"},\"datePublished\":\"2016-03-12T16:20:03+00:00\",\"dateModified\":\"2016-04-21T14:44:37+00:00\",\"breadcrumb\":{\"@id\":\"https:\/\/budapest.degrowth.org\/?page_id=521#breadcrumb\"},\"inLanguage\":\"en-US\",\"potentialAction\":[{\"@type\":\"ReadAction\",\"target\":[\"https:\/\/budapest.degrowth.org\/?page_id=521\"]}]},{\"@type\":\"BreadcrumbList\",\"@id\":\"https:\/\/budapest.degrowth.org\/?page_id=521#breadcrumb\",\"itemListElement\":[{\"@type\":\"ListItem\",\"position\":1,\"item\":{\"@type\":\"WebPage\",\"@id\":\"https:\/\/budapest.degrowth.org\/\",\"url\":\"https:\/\/budapest.degrowth.org\/\",\"name\":\"Home\"}},{\"@type\":\"ListItem\",\"position\":2,\"item\":{\"@type\":\"WebPage\",\"@id\":\"https:\/\/budapest.degrowth.org\/?page_id=425\",\"url\":\"https:\/\/budapest.degrowth.org\/?page_id=425\",\"name\":\"Other languages\"}},{\"@type\":\"ListItem\",\"position\":3,\"item\":{\"@id\":\"https:\/\/budapest.degrowth.org\/?page_id=521#webpage\"}}]}]}<\/script>\n<!-- \/ Yoast SEO plugin. -->","_links":{"self":[{"href":"https:\/\/budapest.degrowth.org\/index.php?rest_route=\/wp\/v2\/pages\/521"}],"collection":[{"href":"https:\/\/budapest.degrowth.org\/index.php?rest_route=\/wp\/v2\/pages"}],"about":[{"href":"https:\/\/budapest.degrowth.org\/index.php?rest_route=\/wp\/v2\/types\/page"}],"author":[{"embeddable":true,"href":"https:\/\/budapest.degrowth.org\/index.php?rest_route=\/wp\/v2\/users\/6"}],"replies":[{"embeddable":true,"href":"https:\/\/budapest.degrowth.org\/index.php?rest_route=%2Fwp%2Fv2%2Fcomments&post=521"}],"version-history":[{"count":1,"href":"https:\/\/budapest.degrowth.org\/index.php?rest_route=\/wp\/v2\/pages\/521\/revisions"}],"predecessor-version":[{"id":524,"href":"https:\/\/budapest.degrowth.org\/index.php?rest_route=\/wp\/v2\/pages\/521\/revisions\/524"}],"up":[{"embeddable":true,"href":"https:\/\/budapest.degrowth.org\/index.php?rest_route=\/wp\/v2\/pages\/425"}],"wp:attachment":[{"href":"https:\/\/budapest.degrowth.org\/index.php?rest_route=%2Fwp%2Fv2%2Fmedia&parent=521"}],"curies":[{"name":"wp","href":"https:\/\/api.w.org\/{rel}","templated":true}]}}