{"id":530,"date":"2016-03-16T08:34:16","date_gmt":"2016-03-16T08:34:16","guid":{"rendered":"http:\/\/budapest.degrowth.org\/?page_id=530"},"modified":"2016-08-31T13:37:11","modified_gmt":"2016-08-31T13:37:11","slug":"keynote-speakers","status":"publish","type":"page","link":"https:\/\/budapest.degrowth.org\/?page_id=530","title":{"rendered":"Keynote Speakers"},"content":{"rendered":"<div class=\"synved-social-container synved-social-container-share\" style=\"text-align: right\"><a class=\"synved-social-button synved-social-button-share synved-social-size-16 synved-social-resolution-single synved-social-provider-facebook nolightbox\" data-provider=\"facebook\" target=\"_blank\" rel=\"nofollow\" title=\"Share on Facebook\" href=\"https:\/\/www.facebook.com\/sharer.php?u=https%3A%2F%2Fbudapest.degrowth.org%2Findex.php%3Frest_route%3D%252Fwp%252Fv2%252Fpages%252F530&#038;t=Keynote%20Speakers&#038;s=100&#038;p&#091;url&#093;=https%3A%2F%2Fbudapest.degrowth.org%2Findex.php%3Frest_route%3D%252Fwp%252Fv2%252Fpages%252F530&#038;p&#091;images&#093;&#091;0&#093;=http%3A%2F%2Fbudapest.degrowth.org%2Fwp-content%2Fuploads%2Fsites%2F2%2F2016%2F03%2FBarbara-Muraca-150x150.jpg&#038;p&#091;title&#093;=Keynote%20Speakers\" style=\"font-size: 0px; width:16px;height:16px;margin:0;margin-bottom:5px;margin-right:5px;\"><img alt=\"Facebook\" title=\"Share on Facebook\" class=\"synved-share-image synved-social-image synved-social-image-share\" width=\"16\" height=\"16\" style=\"display: inline; width:16px;height:16px; margin: 0; padding: 0; border: none; box-shadow: none;\" src=\"https:\/\/budapest.degrowth.org\/wp-content\/plugins\/social-media-feather\/synved-social\/image\/social\/regular\/32x32\/facebook.png\" \/><\/a><a class=\"synved-social-button synved-social-button-share synved-social-size-16 synved-social-resolution-single synved-social-provider-twitter nolightbox\" data-provider=\"twitter\" target=\"_blank\" rel=\"nofollow\" title=\"Share on Twitter\" href=\"https:\/\/twitter.com\/intent\/tweet?url=https%3A%2F%2Fbudapest.degrowth.org%2Findex.php%3Frest_route%3D%252Fwp%252Fv2%252Fpages%252F530&#038;text=Hey%20check%20this%20out\" style=\"font-size: 0px; width:16px;height:16px;margin:0;margin-bottom:5px;margin-right:5px;\"><img alt=\"twitter\" title=\"Share on Twitter\" class=\"synved-share-image synved-social-image synved-social-image-share\" width=\"16\" height=\"16\" style=\"display: inline; width:16px;height:16px; margin: 0; padding: 0; border: none; box-shadow: none;\" src=\"https:\/\/budapest.degrowth.org\/wp-content\/plugins\/social-media-feather\/synved-social\/image\/social\/regular\/32x32\/twitter.png\" \/><\/a><a class=\"synved-social-button synved-social-button-share synved-social-size-16 synved-social-resolution-single synved-social-provider-reddit nolightbox\" data-provider=\"reddit\" target=\"_blank\" rel=\"nofollow\" title=\"Share on Reddit\" href=\"https:\/\/www.reddit.com\/submit?url=https%3A%2F%2Fbudapest.degrowth.org%2Findex.php%3Frest_route%3D%252Fwp%252Fv2%252Fpages%252F530&#038;title=Keynote%20Speakers\" style=\"font-size: 0px; width:16px;height:16px;margin:0;margin-bottom:5px;margin-right:5px;\"><img alt=\"reddit\" title=\"Share on Reddit\" class=\"synved-share-image synved-social-image synved-social-image-share\" width=\"16\" height=\"16\" style=\"display: inline; width:16px;height:16px; margin: 0; padding: 0; border: none; box-shadow: none;\" src=\"https:\/\/budapest.degrowth.org\/wp-content\/plugins\/social-media-feather\/synved-social\/image\/social\/regular\/32x32\/reddit.png\" \/><\/a><a class=\"synved-social-button synved-social-button-share synved-social-size-16 synved-social-resolution-single synved-social-provider-pinterest nolightbox\" data-provider=\"pinterest\" target=\"_blank\" rel=\"nofollow\" title=\"Pin it with Pinterest\" href=\"https:\/\/pinterest.com\/pin\/create\/button\/?url=https%3A%2F%2Fbudapest.degrowth.org%2Findex.php%3Frest_route%3D%252Fwp%252Fv2%252Fpages%252F530&#038;media=http%3A%2F%2Fbudapest.degrowth.org%2Fwp-content%2Fuploads%2Fsites%2F2%2F2016%2F03%2FBarbara-Muraca-150x150.jpg&#038;description=Keynote%20Speakers\" style=\"font-size: 0px; width:16px;height:16px;margin:0;margin-bottom:5px;margin-right:5px;\"><img alt=\"pinterest\" title=\"Pin it with Pinterest\" class=\"synved-share-image synved-social-image synved-social-image-share\" width=\"16\" height=\"16\" style=\"display: inline; width:16px;height:16px; margin: 0; padding: 0; border: none; box-shadow: none;\" src=\"https:\/\/budapest.degrowth.org\/wp-content\/plugins\/social-media-feather\/synved-social\/image\/social\/regular\/32x32\/pinterest.png\" \/><\/a><a class=\"synved-social-button synved-social-button-share synved-social-size-16 synved-social-resolution-single synved-social-provider-linkedin nolightbox\" data-provider=\"linkedin\" target=\"_blank\" rel=\"nofollow\" title=\"Share on Linkedin\" href=\"https:\/\/www.linkedin.com\/shareArticle?mini=true&#038;url=https%3A%2F%2Fbudapest.degrowth.org%2Findex.php%3Frest_route%3D%252Fwp%252Fv2%252Fpages%252F530&#038;title=Keynote%20Speakers\" style=\"font-size: 0px; width:16px;height:16px;margin:0;margin-bottom:5px;margin-right:5px;\"><img alt=\"linkedin\" title=\"Share on Linkedin\" class=\"synved-share-image synved-social-image synved-social-image-share\" width=\"16\" height=\"16\" style=\"display: inline; width:16px;height:16px; margin: 0; padding: 0; border: none; box-shadow: none;\" src=\"https:\/\/budapest.degrowth.org\/wp-content\/plugins\/social-media-feather\/synved-social\/image\/social\/regular\/32x32\/linkedin.png\" \/><\/a><a class=\"synved-social-button synved-social-button-share synved-social-size-16 synved-social-resolution-single synved-social-provider-tumblr nolightbox\" data-provider=\"tumblr\" target=\"_blank\" rel=\"nofollow\" title=\"Share on tumblr\" href=\"https:\/\/tumblr.com\/share?s=&#038;v=3&#038;t=Keynote%20Speakers&#038;u=https%3A%2F%2Fbudapest.degrowth.org%2Findex.php%3Frest_route%3D%252Fwp%252Fv2%252Fpages%252F530\" style=\"font-size: 0px; width:16px;height:16px;margin:0;margin-bottom:5px;margin-right:5px;\"><img alt=\"tumblr\" title=\"Share on tumblr\" class=\"synved-share-image synved-social-image synved-social-image-share\" width=\"16\" height=\"16\" style=\"display: inline; width:16px;height:16px; margin: 0; padding: 0; border: none; box-shadow: none;\" src=\"https:\/\/budapest.degrowth.org\/wp-content\/plugins\/social-media-feather\/synved-social\/image\/social\/regular\/32x32\/tumblr.png\" \/><\/a><a class=\"synved-social-button synved-social-button-share synved-social-size-16 synved-social-resolution-single synved-social-provider-mail nolightbox\" data-provider=\"mail\" rel=\"nofollow\" title=\"Share by email\" href=\"mailto:?subject=Keynote%20Speakers&#038;body=Hey%20check%20this%20out:%20https%3A%2F%2Fbudapest.degrowth.org%2Findex.php%3Frest_route%3D%252Fwp%252Fv2%252Fpages%252F530\" style=\"font-size: 0px; width:16px;height:16px;margin:0;margin-bottom:5px;margin-right:5px;\"><img alt=\"mail\" title=\"Share by email\" class=\"synved-share-image synved-social-image synved-social-image-share\" width=\"16\" height=\"16\" style=\"display: inline; width:16px;height:16px; margin: 0; padding: 0; border: none; box-shadow: none;\" src=\"https:\/\/budapest.degrowth.org\/wp-content\/plugins\/social-media-feather\/synved-social\/image\/social\/regular\/32x32\/mail.png\" \/><\/a><\/div><p>&nbsp;<\/p>\n<table style=\"height: 3431px;\" width=\"1269\">\n<tbody>\n<tr>\n<td>\n<h3><span style=\"color: #33af49;\"><strong>Daniel O&#8217;Neill<\/strong><\/span><\/h3>\n<p style=\"text-align: justify;\">Dan O\u2019Neill is a Lecturer in Ecological Economics at the University of Leeds, and the Chief Economist at the Center for the Advancement of the Steady State Economy. His research focuses on the changes that would be needed to achieve a sustainable economy within planetary boundaries, and the relationships between resource use and human well-being. He is co-author (with Rob Dietz) of the book Enough Is Enough: Building a Sustainable Economy in a World of Finite Resources, which has been made into a short film. If you\u2019re interested in seeing the film, it is being shown as part of Degrowth Week on Thursday 1 September at 4:30 pm.<\/p>\n<\/td>\n<td>\n<h3><span style=\"color: #ed1f24;\"><strong>Barbara Muraca<\/strong><\/span><\/h3>\n<p style=\"text-align: justify;\"><a href=\"http:\/\/budapest.degrowth.org\/wp-content\/uploads\/sites\/2\/2016\/03\/Barbara-Muraca.jpg\" rel=\"attachment wp-att-535\"><img decoding=\"async\" loading=\"lazy\" class=\"alignleft wp-image-535 size-thumbnail\" src=\"http:\/\/budapest.degrowth.org\/wp-content\/uploads\/sites\/2\/2016\/03\/Barbara-Muraca-150x150.jpg\" alt=\"Barbara Muraca\" width=\"150\" height=\"150\" \/><\/a>Barbara Muraca is an Assistant Professor for Environmental and Social Philosophy at Oregon State University, Corvallis (USA) and co-director of the International Association of Environmental Philosophy (IAEP). She holds a Ph.D. in environmental ethics from the University of Greifswald, Germany. From 2012 to 2014 she worked as a senior researcher with the Kolleg &#8216;Post-Growth-Societies&#8217; at the Institute of Sociology of the University of Jena, Germany and in 2014 participated in the organization of the 4th International Degrowth Conference in Leipzig. Her research interests encompass social philosophy, sustainability and degrowth research, environmental ethics, process philosophy, feminist philosophy, and ecological economics. On Degrowth she has published several articles, both in English and in German, and the book &#8216;Gut Leben: Eine Gesellschaft jenseits des Wachstums&#8217; (Wagenbach 2014) where she explores the importance of concrete utopias and social experiment for a social-ecological transformation. She is passionate about environmental and social justice and, of course, philosophy. Link: <a href=\"http:\/\/liberalarts.oregonstate.edu\/users\/barbara-muraca\">http:\/\/liberalarts.oregonstate.edu\/users\/barbara-muraca<\/a><\/p>\n<\/td>\n<\/tr>\n<tr>\n<td>\n<h3><span style=\"color: #33af49;\"><strong>Jagoda Munic<\/strong><\/span><\/h3>\n<p style=\"text-align: justify;\"><img decoding=\"async\" loading=\"lazy\" class=\"alignleft wp-image-539 size-thumbnail\" src=\"http:\/\/budapest.degrowth.org\/wp-content\/uploads\/sites\/2\/2016\/03\/Jagoda-Munic-150x150.jpg\" alt=\"Jagoda Munic\" width=\"150\" height=\"150\" \/>Jagoda Munic is a Chairperson of the Friends of the Earth International since November 2012. Before she served as member of FOEI executive committee. Born in 1970 and lives in Zagreb, Croatia. She has degrees in Biology-Ecology and Library and Information Sciences from the University of Zagreb and M.Sc. Course in Pollution and Environmental Control from the University of Manchester, UK. Ms Munic is active in Zelena akcija \/ FOE Croatia since 1997. She lead quite a number of biodiversity research projects and public advocacy campaigns including anti GMO campaign resulted in one of the strictest anti GMO laws and campaign to shift the route of a highway from the river Gacka. The main focus of the campaigning work since 2008 is to stop privatisation and degradation of natural resources in Croatia, which resulted in abolition of notorious Law on golf courses in 2011 that enabled expropriation of land-use change from forest and agricultural land to tourist resorts and cancelling the construction of hydro power plant in Dubrovnik.<\/p>\n<\/td>\n<td>\n<h3><span style=\"color: #ed1f24;\"><strong>Ashish Kothari<\/strong><\/span><\/h3>\n<p style=\"text-align: justify;\"><img decoding=\"async\" loading=\"lazy\" class=\"alignleft wp-image-534 size-thumbnail\" src=\"http:\/\/budapest.degrowth.org\/wp-content\/uploads\/sites\/2\/2016\/03\/Ashish-Khotari-150x150.jpg\" alt=\"Ashish Khotari\" width=\"150\" height=\"150\" \/>Ashish Kothari is a Founder-member of Indian environmental group Kalpavriksh (<a href=\"http:\/\/www.kalpavriksh.org\/\">www.kalpavriksh.org<\/a>). He taught at the Indian Institute of Public Administration and as guest faculty in several universities including as Mellon Fellow at Bowdoin College, USA. Coordinated India\u2019s National Biodiversity Strategy and Action Plan process, served on boards of Greenpeace International and India, Indian Society of Ecological Economics, World Commission on Protected Areas, IUCN Commission on Social, Economic and Environmental Policy, and Bombay Natural History Society. Served as co-chair of the IUCN Strategic Direction on Governance, Equity, Communities, and Livelihoods (TILCEPA), which, along with the ICCA Consortium (<a href=\"http:\/\/www.iccaconsortium.org\/\">www.iccaconsortium.org<\/a>), he helped establish. Active in several peoples\u2019 movements, and member of government committees on National Wildlife Action Plan, Biological Diversity Act, Environmental Appraisal of River Valley Projects, and Implementation of Forest Rights Act. Initiated the Vikalp Sangam (Alternatives Confluence,<a href=\"http:\/\/www.kalpavriksh.org\/index.php\/alternatives.html\"> http:\/\/www.kalpavriksh.org\/index.php\/alternatives.html<\/a>) process to bring together people working on development alternatives in India, and a global dialogue process on Radical Ecological Democracy. Has (co)authored or (co)edited over 30 books, including <em>Sharing Power<\/em>, and <em>Churning the Earth: The Making of Global India <\/em>(<a href=\"http:\/\/churningtheearth.in\/\"><em>http:\/\/churningtheearth.in<\/em><\/a>), and over 300 articles (<a href=\"http:\/\/ashishkothari51.blogspot.in\/\">http:\/\/ashishkothari51.blogspot.in<\/a>)<em>.<\/em><\/p>\n<\/td>\n<\/tr>\n<tr>\n<td>\n<h3><span style=\"color: #33af49;\"><strong>G<\/strong><strong>areth Dale<\/strong><\/span><\/h3>\n<p style=\"text-align: justify;\"><a href=\"http:\/\/budapest.degrowth.org\/wp-content\/uploads\/sites\/2\/2016\/03\/Gareth-Dale.png\" rel=\"attachment wp-att-537\"><img decoding=\"async\" loading=\"lazy\" class=\"alignleft wp-image-537 size-thumbnail\" src=\"http:\/\/budapest.degrowth.org\/wp-content\/uploads\/sites\/2\/2016\/03\/Gareth-Dale-150x150.png\" alt=\"Gareth Dale\" width=\"150\" height=\"150\" \/><\/a>Gareth Dale teaches politics at Brunel University, London. In different ways, each of his main research interests&#8211;Eastern Europe, Karl Polanyi, and economic growth&#8211;relates to this conference. After participating in the East German revolution of 1989 he wrote several monographs on the GDR, and, later, edited \u2018First the Transition, then the Crash: Eastern Europe in the 2000s.\u2019 On Polanyi, he has published \u2018Karl Polanyi: The Limits of the Market\u2019 (2010), \u2018Karl Polanyi: A Life on the Left\u2019 (in press), \u2018Karl Polanyi: The Hungarian Writings\u2019 (in press) and \u2018Reconstructing Karl Polanyi\u2019 (forthcoming 2016). On growth, he co-edited \u2018Green Growth: Ideology, Political Economy and the Alternatives\u2019 (Zed, 2016) and has published articles in \u2018Journal of Economic Issues\u2019 (on Smith and Malthus), \u2018New Political Economy\u2019 (on Marx and Mill), \u2018International Socialism\u2019 and \u2018International Socialist Review.\u2019 He is currently writing a book on the growth paradigm. He has been active in numerous campaigns, including climate camps and the Campaign Against Climate Change.<\/p>\n<\/td>\n<td>\n<h3><span style=\"color: #ed1f24;\"><strong>Giorgos Kallis<\/strong><\/span><\/h3>\n<p style=\"text-align: justify;\"><img decoding=\"async\" loading=\"lazy\" class=\"alignleft wp-image-538 size-thumbnail\" src=\"http:\/\/budapest.degrowth.org\/wp-content\/uploads\/sites\/2\/2016\/03\/Giorgios-Kallis-150x150.jpg\" alt=\"Giorgios Kallis\" width=\"150\" height=\"150\" \/>Giorgos Kallis is an environmental scientist working on ecological economics and political ecology. He is a Leverhulme visiting professor at SOAS and an ICREA professor at ICTA, Autonomous University of Barcelona. Before that he was a Marie Curie International Fellow at the Energy and Resources Group of the University of California at Berkeley. He holds a PhD in Environmental Policy and Planning from the University of the Aegean in Greece, a Masters in Economics from Universitat Pompeu Fabra, and a Masters in Environmental Engineering and a Bachelors in Chemistry from Imperial College, London.<\/p>\n<\/td>\n<\/tr>\n<tr>\n<td>\n<h3><span style=\"color: #33af49;\"><strong>Z<\/strong><strong>olt\u00e1n Pog\u00e1tsa<\/strong><\/span><\/h3>\n<p style=\"text-align: justify;\"><img decoding=\"async\" loading=\"lazy\" class=\"alignleft wp-image-541 size-thumbnail\" src=\"http:\/\/budapest.degrowth.org\/wp-content\/uploads\/sites\/2\/2016\/03\/Pogi-150x150.png\" alt=\"Pogi\" width=\"150\" height=\"150\" \/>Zolt\u00e1n Pog\u00e1tsa is an economist at the University of West Hungary, specialising in international political economy and the economics of European integration. He had received his phd from the University of Sussex in the United Kingdom. He has published several books and many articles on these subjects in Hungarian, English and German, and is a frequent commentator in the Hungarian and international press. He is known to be an advocate of a political economy that takes into account the Rawlsian principles of distributive justice, leading to economic democracy, as well as the overarching principle of ecological and social sustainability. He uses economic theory to highlight the incongruences that exist within neoclassical economic theory, as well as the detrimental social impact these theories have had when utilised by the neoliberal political movements since the 1970s. Zolt\u00e1n serves on the Board of one of Hungary\u2019s longest standing green NGOs, the Clean Air Group. His personal website is available at: <a href=\"https:\/\/sites.google.com\/site\/pogatsa\/\">https:\/\/sites.google.com\/site\/pogatsa\/<\/a>.<\/p>\n<\/td>\n<td>\n<h3><span style=\"color: #ed1f24;\"><strong>M<\/strong><\/span><span style=\"color: #ed1f24;\"><strong>atthias Schmelzer<\/strong><\/span><\/h3>\n<p style=\"text-align: justify;\"><a href=\"http:\/\/budapest.degrowth.org\/wp-content\/uploads\/sites\/2\/2016\/03\/matthias_schmelzer-1.jpg\" rel=\"attachment wp-att-571\"><img decoding=\"async\" loading=\"lazy\" class=\"alignleft wp-image-571 size-thumbnail\" src=\"http:\/\/budapest.degrowth.org\/wp-content\/uploads\/sites\/2\/2016\/03\/matthias_schmelzer-1-150x150.jpg\" alt=\"matthias_schmelzer (1)\" width=\"150\" height=\"150\" srcset=\"https:\/\/budapest.degrowth.org\/wp-content\/uploads\/sites\/2\/2016\/03\/matthias_schmelzer-1-150x150.jpg 150w, https:\/\/budapest.degrowth.org\/wp-content\/uploads\/sites\/2\/2016\/03\/matthias_schmelzer-1.jpg 200w\" sizes=\"(max-width: 150px) 100vw, 150px\" \/><\/a>Matthias Schmelzer lives in Berlin, works as an economic historian at the University of Z\u00fcrich\u00a0and as a free-lancer for Konzeptwerk Neue \u00d6konomie and is active in the degrowth and climate justice movement. He has been involved in the organization of the international degrowth conference in Leizpig in 2014, the summer\u00a0school \u201eDegrowth in Action: Climate Justice&#8221; in the lignite mining area of the Rhineland in 2015, and is currently part of the project \u201eDegrowth in Movement(s).&#8221; Next to his research on economic history, neoliberalism, and international organizations in the twentieth century, he also did research on the degrowth movement as a fellow at DFG-Kolleg &#8220;Degrowth Societies&#8221; in at the University of Jena. This year his book &#8220;The Hegemony of Growth. The OECD and the Making of the Economic Growth Paradigm&#8221; (<a href=\"http:\/\/www.cambridge.org\/us\/academic\/subjects\/history\/economic-history\/hegemony-growth-oecd-and-making-economic-growth-paradigm\">http:\/\/www.cambridge.org\/us\/academic\/subjects\/history\/economic-history\/hegemony-growth-oecd-and-making-economic-growth-paradigm<\/a>) will be published from Cambridge University Press.<\/p>\n<\/td>\n<\/tr>\n<tr>\n<td>\n<h3><span style=\"color: #33af49;\"><strong>Danijela Dolenec<\/strong><\/span><\/h3>\n<p style=\"text-align: justify;\"><a href=\"http:\/\/budapest.degrowth.org\/wp-content\/uploads\/sites\/2\/2016\/04\/Dolenec.jpg\" rel=\"attachment wp-att-619\"><img decoding=\"async\" loading=\"lazy\" class=\"alignleft wp-image-619 size-thumbnail\" src=\"http:\/\/budapest.degrowth.org\/wp-content\/uploads\/sites\/2\/2016\/04\/Dolenec-150x150.jpg\" alt=\"????????????????????????????????????\" width=\"150\" height=\"150\" srcset=\"https:\/\/budapest.degrowth.org\/wp-content\/uploads\/sites\/2\/2016\/04\/Dolenec-150x150.jpg 150w, https:\/\/budapest.degrowth.org\/wp-content\/uploads\/sites\/2\/2016\/04\/Dolenec-298x300.jpg 298w, https:\/\/budapest.degrowth.org\/wp-content\/uploads\/sites\/2\/2016\/04\/Dolenec.jpg 768w\" sizes=\"(max-width: 150px) 100vw, 150px\" \/><\/a>Danijela Dolenec is an Assistant Professor at the University of Zagreb, where she teaches comparative politics, protest movements and social\u00a0science methodology. She received her degrees from the LSE (MSc 2005) and ETH Z\u00fcrich (PhD 2012). Danijela specialises in the democratization\u00a0and political economy of European states, as well as nurtures a growing interest in critical development studies and the social science history\u00a0of the former Eastern Bloc. Some of her recent work includes \u201eExploring Commons Theory for Principles of a Socialist Governmentality&#8221; (with \u017ditko, 2016), \u201ePlus ca change: Mapping\u00a0Conversions in the Croatian Academic Field in the Early 1990s&#8221; (with Doolan and \u017ditko, 2015) and \u201eWhy power is not a peripheral concern:\u00a0exploring the relationship between inequality and sustainability&#8221; (with Domazet and An\u010di\u0107, 2014).<\/p>\n<\/td>\n<td>\n<h3><span style=\"color: #ed1f24;\"><strong>Jennifer\u00a0Hinton<\/strong><\/span><\/h3>\n<p style=\"text-align: justify;\"><a href=\"http:\/\/budapest.degrowth.org\/wp-content\/uploads\/sites\/2\/2016\/03\/Jennifer-Hinton.jpg\" rel=\"attachment wp-att-1360\"><img decoding=\"async\" loading=\"lazy\" class=\"alignleft wp-image-1360 size-thumbnail\" src=\"http:\/\/budapest.degrowth.org\/wp-content\/uploads\/sites\/2\/2016\/03\/Jennifer-Hinton-150x150.jpg\" alt=\"Jennifer Hinton\" width=\"150\" height=\"150\" \/><\/a>Jennifer Hinton is co-author of the forthcoming book, How on Earth: Flourishing in a Not-for-Profit World, and is a co-director of the Post Growth Institute, a global network of researchers and activists seeking pathways beyond the growth-based economic system. She has a master&#8217;s degree in Environmental Studies and Sustainability Science and is currently doing work with an EU-funded project called AdaptEcon: Adapting to a new economic reality, as a Marie Curie PhD fellow at the Stockholm Resilience Centre. Originally from Colorado in the USA, Jen lived in Greece from 2009 \u2013 2016, during the economic crisis, working with both local initiatives and global networks to help lay the foundation for a new economic era. In all of her work, Jen seeks to bridge activism, research, and business in order to co-create a more sustainable future for humanity.<\/p>\n<\/td>\n<\/tr>\n<tr>\n<td>\n<h3><span style=\"color: #33af49;\">Clive Spash<\/span><\/h3>\n<p style=\"text-align: justify;\"><a href=\"http:\/\/budapest.degrowth.org\/wp-content\/uploads\/sites\/2\/2016\/03\/IMG_2094crop.jpg\" rel=\"attachment wp-att-844\"><img decoding=\"async\" loading=\"lazy\" class=\"size-thumbnail wp-image-844 alignleft\" src=\"http:\/\/budapest.degrowth.org\/wp-content\/uploads\/sites\/2\/2016\/03\/IMG_2094crop-150x150.jpg\" alt=\"IMG_2094crop\" width=\"150\" height=\"150\" srcset=\"https:\/\/budapest.degrowth.org\/wp-content\/uploads\/sites\/2\/2016\/03\/IMG_2094crop-150x150.jpg 150w, https:\/\/budapest.degrowth.org\/wp-content\/uploads\/sites\/2\/2016\/03\/IMG_2094crop-300x300.jpg 300w, https:\/\/budapest.degrowth.org\/wp-content\/uploads\/sites\/2\/2016\/03\/IMG_2094crop-768x768.jpg 768w, https:\/\/budapest.degrowth.org\/wp-content\/uploads\/sites\/2\/2016\/03\/IMG_2094crop.jpg 798w\" sizes=\"(max-width: 150px) 100vw, 150px\" \/><\/a>Clive Spash is an economist who writes, researches and teaches on public policy with an emphasis on economic and environmental interactions. His main interests are interdisciplinary research on human behaviour, environmental values and the transformation of the world political economy to a more socially and environmentally just system. Over 30 years, he has worked on a range of subject areas and topics from the economic impacts and control of acidic deposition through atmospheric and plant science relating to urban pollution impacts on agriculture to the economics and ethics of human induced climate change and the plural values related to biodiversity. For some time now, he has been pursuing interdisciplinary and integrative work within the context of ecological economics and more recently through the evolving agenda of a politically aware and emancipatory \u201c<a href=\"http:\/\/www.clivespash.org\/wp-content\/uploads\/2015\/04\/2011_Spash_AJES_Social_Ecol_Econ1.pdf\">Social Ecological Economics<\/a>\u201c. He currently holds the chair of Public Policy and Governance at WU, Vienna University of Economics and Business and is deputy head of the Institute for Public Policy and Governance.\u00a0For more information go to <a href=\"http:\/\/www.clivespash.org\">www.clivespash.org<\/a>.<\/p>\n<\/td>\n<td>\n<h3>\u00a0<span style=\"color: #ed1f24;\">Amaia P\u00e9rez Orozco<\/span><\/h3>\n<p><a href=\"http:\/\/budapest.degrowth.org\/wp-content\/uploads\/sites\/2\/2016\/03\/orozco.jpg\" rel=\"attachment wp-att-926\"><img decoding=\"async\" loading=\"lazy\" class=\"size-thumbnail wp-image-926 alignleft\" src=\"http:\/\/budapest.degrowth.org\/wp-content\/uploads\/sites\/2\/2016\/03\/orozco-150x150.jpg\" alt=\"orozco\" width=\"150\" height=\"150\" \/><\/a>Amaia P\u00e9rez Orozco is a feminist economist, actively involved in social movements both in Europe and in Latin America. She holds a PhD in International Economics and Development. She is based in Madrid and works as a freelance researcher and trainer. Currently she is focused on developing an ecofeminist understanding of the multidimensional crisis and of the possible responses to it, trying to establish a dialogue with other critical perspectives, such as de-colonial thought, degrowth, social ecologism and (neo)marxism. She tries to coherently intersect her political activist work and her professional career. She wrote the prologue of the <a href=\"http:\/\/www.icariaeditorial.com\/pdf_libros\/DECRECIMIENTO.pdf\">Spanish version of <em>Degrowth. A Vocabulary for a New Era<\/em><\/a> (D\u2019Alisa, Demaria &amp; Kallis, eds.). Her main latest work is the book <a href=\"https:\/\/www.traficantes.net\/sites\/default\/files\/pdfs\/map40_subversion_feminista.pdf\"><em>Subversi\u00f3n feminista de la econom\u00eda<\/em><\/a><em> (Feminist Subversion of the Economy. Contributions to a Debate on the Capital-Life Conflict). <\/em>She has a broad training experience in popular education, post-graduate programmes and professional training. She has also an extended policy-oriented research experience within social movements, the academia and international institutions.<\/td>\n<\/tr>\n<tr>\n<td>\n<h3><span style=\"color: #33af49;\">Susan Paulson<\/span><\/h3>\n<p style=\"text-align: justify;\"><a href=\"http:\/\/budapest.degrowth.org\/wp-content\/uploads\/sites\/2\/2016\/03\/paulson.jpg\" rel=\"attachment wp-att-936\"><img decoding=\"async\" loading=\"lazy\" class=\"size-thumbnail wp-image-936 alignleft\" src=\"http:\/\/budapest.degrowth.org\/wp-content\/uploads\/sites\/2\/2016\/03\/paulson-150x150.jpg\" alt=\"paulson\" width=\"150\" height=\"150\" \/><\/a>Research and theory building on relations between sociocultural systems and biophysical environments comes together in Susan Paulson\u2019s recent books Masculinities and Femininities in Latin America\u2019s Uneven Development (2015) and Masculinidades en movimiento, transformaci\u00f3n territorial (2013 available free online). Other relevant publications include Desigualdad social y degradaci\u00f3n ambiental en Am\u00e9rica Latina (1998), Political Ecology across Spaces, Scales and Social Groups (2005), and Huellas de g\u00e9nero en el mar, el parque y el p\u00e1ramo (2009). After living and teaching in South America for 15 years and in Europe for 5 years, Susan is now based at the University of Florida. Susan and Lisa Gezon have been facilitating conversations on Degrowth, Culture and Power among interlocutors from a dozen countries; their collaborations include four conference sessions and 15 articles for an upcoming section of Journal of Political Ecology. Susan and Lisa now welcome contributions for their next project: an edited volume of case studies illuminating degrowth, buen vivir and other postdevelopment pathways. (see also: <a href=\"http:\/\/www.latam.ufl.edu\/people\/center-based-faculty\/paulson\">http:\/\/www.latam.ufl.edu\/people\/center-based-faculty\/paulson<\/a>)<\/p>\n<\/td>\n<td>\n<h3><span style=\"color: #ed1f24;\">Federico Demaria<\/span><\/h3>\n<p><a href=\"http:\/\/budapest.degrowth.org\/wp-content\/uploads\/sites\/2\/2016\/03\/Federico-Demaria.jpg\" rel=\"attachment wp-att-1129\"><img decoding=\"async\" loading=\"lazy\" class=\"size-thumbnail wp-image-1129 alignleft\" src=\"http:\/\/budapest.degrowth.org\/wp-content\/uploads\/sites\/2\/2016\/03\/Federico-Demaria-150x150.jpg\" alt=\"Federico Demaria\" width=\"150\" height=\"150\" srcset=\"https:\/\/budapest.degrowth.org\/wp-content\/uploads\/sites\/2\/2016\/03\/Federico-Demaria-150x150.jpg 150w, https:\/\/budapest.degrowth.org\/wp-content\/uploads\/sites\/2\/2016\/03\/Federico-Demaria.jpg 200w\" sizes=\"(max-width: 150px) 100vw, 150px\" \/><\/a><a href=\"https:\/\/uab.academia.edu\/FedericoDemaria\">Federico Demaria<\/a> is an economist working on ecological economics, political ecology and waste policy. He obtained a full scholarship and an IB certificate in the United World College of the Adriatic in 2003. Afterwards he was trained as an economist in the Faculty of Political Science at the University of Bologna (Italy). In 2006 he spent one year working with Professor Alain Caille at the University of Nanterre (Paris X) on anti-utilitarianism in social sciences. He then wrote a final essay titled \u2018Happiness and Economics: the importance of social relations\u2019 with Professor Mauro Bonaiuti. He has a Masters degree in Environmental Studies (Ecological Economics) from the <a href=\"http:\/\/www.uab.cat\/\">Autonomous University of Barcelona<\/a>. Currently he is a PhD student working on waste and environmental justice. He is a member of the \u2018<a href=\"http:\/\/www.eco2bcn.es\/\">Ecological economics and Integrated Assesment Unit<\/a>\u2019 at the <a href=\"http:\/\/www.icta.uab.cat\/\">Institute of Environmental Science and Technology<\/a>. He has studied cost-shifting, in particular toxic waste dumping . He is now working on wastepickers, both in the South and North. Current research focuses on the (unequal) distribution of benefits and burdens linked with social metabolism processes. Since 2006 he has been part of the degrowth movement and debate, first with the <a href=\"http:\/\/www.decrescita.it\/\">Italian Association for Degrowth<\/a> and then as a co-founder of <a href=\"http:\/\/www.degrowth.org\/\">R&amp;D Spain<\/a>.<\/td>\n<\/tr>\n<tr>\n<td>\n<h3><span style=\"color: #33af49;\">Filka Sekulova<\/span><\/h3>\n<p><a href=\"http:\/\/budapest.degrowth.org\/wp-content\/uploads\/sites\/2\/2016\/03\/Filka-Sekulova.jpg\" rel=\"attachment wp-att-1131\"><img decoding=\"async\" loading=\"lazy\" class=\"size-thumbnail wp-image-1131 alignleft\" src=\"http:\/\/budapest.degrowth.org\/wp-content\/uploads\/sites\/2\/2016\/03\/Filka-Sekulova-150x150.jpg\" alt=\"Filka Sekulova\" width=\"150\" height=\"150\" \/><\/a>Filka Sekulova is based at ICTA, Universitat Aut\u00f2noma de Barcelona. She holds a doctoral degree in ecological economics with a specialization in happiness and climate change UAB. Presently she is doing a post doctorate research on the success factors of community-based initiatives, part of the \u00a0European research <a href=\"http:\/\/www.tess-project.eu\/\">project TESS<\/a>. Her research interests center around the economics of happiness, income and degrowth. She is a member of Research &amp; Degrowth and the international community working on the establishment of the international scientific conferences on <a href=\"http:\/\/www.degrowth.org\">degrowth<\/a>.<\/p>\n<h3 style=\"text-align: justify;\"><\/h3>\n<\/td>\n<td>\n<h3><span style=\"color: #ed1f24;\">Dr. Mladen Domazet<\/span><\/h3>\n<p style=\"text-align: justify;\"><span style=\"color: #ed1f24;\"><img decoding=\"async\" loading=\"lazy\" class=\"alignleft wp-image-315 size-thumbnail\" src=\"http:\/\/budapest.degrowth.org\/wp-content\/uploads\/sites\/2\/2015\/12\/Mladen-150x150.jpg\" alt=\"Mladen\" width=\"150\" height=\"150\" \/><span style=\"color: #333333;\">Graduated in Physics and Philosophy from the University of Oxford and completed a doctorate in Philosophy of Science at the University of Zagreb. He&#8217;s a research director at the <a style=\"color: #333333;\" href=\"http:\/\/ipe.hr\/\" target=\"_blank\">Institute for Political Ecology<\/a> in Zagreb, Croatia, and was previously a research fellow at the Institute for Social Research in Zagreb. His research interest currently focuses on scientific explanation, and degrowth-compatible attitudes and social transformation. His publications reflect a diversity of interdisciplinary interests and collaborations, from analysis of Wikipedias as complex networks, through encyclopaedic contributions to Croatian philosophy lexicon, to recent books Alice Returns from Wonderland: Ontological Frameworks for Explanation from Contemporary Quantum Theories (2012) and Sustainability Perspectives from the European Semi-periphery (2014).<\/span><\/span><\/p>\n<\/td>\n<\/tr>\n<tr>\n<td>\n<h3><span style=\"color: #ed1f24;\">Vincent Liegey<\/span><\/h3>\n<p style=\"text-align: justify;\"><img decoding=\"async\" loading=\"lazy\" class=\"alignleft wp-image-317 size-thumbnail\" src=\"http:\/\/budapest.degrowth.org\/wp-content\/uploads\/sites\/2\/2015\/12\/vincent-150x150.jpg\" alt=\"Vincent Liegez\" width=\"150\" height=\"150\" \/>Co-author of <a href=\"http:\/\/www.projet-decroissance.net\/\" target=\"_blank\">A Degrowth Project<\/a>, spokesperson of the French Degrowth movement, engineer and interdisciplinary researcher. He is the \u00a0coordinator of the degrowth inspired <a href=\"http:\/\/cargonomia.hu\/?lang=en\" target=\"_blank\">Cargonomia<\/a> social cooperative, center for sustainable logistical solutions and local food distribution by cargobikes in Budapest. With St\u00e9phane Madelaine, Christophe Ondet and Anisabel Veillot, all french degrowth movement actors, he co-authored the book <em>A Degrowth Project \u2013 Manifesto for an Unconditional Autonomy Allowance<\/em> in 2013 (<a href=\"http:\/\/www.projet-decroissance.net\/\" target=\"_blank\">Utopia et Ecosoci\u00e9t\u00e9<\/a>, <a href=\"http:\/\/www.projet-decroissance.net\/?page_id=2043\" target=\"_blank\">Icaria<\/a>, <a href=\"http:\/\/nemnovekedes.net\/\" target=\"_blank\">Eszmelet<\/a>, <a href=\"http:\/\/ciela.bg\/books\/book\/proekt-za-svivane-na-rastezha\/2087\" target=\"_blank\">Ciela<\/a>, <a href=\"http:\/\/www.sanje.si\/knjigarna\/projekt-od-rasti.html\" target=\"_blank\">Sanje<\/a>).\u00a0He is the international\u00a0spokesperson for the upcoming Budapest Degrowth Conference.<\/p>\n<\/td>\n<td>\n<h3><span style=\"color: #33af49;\">Dr. Alexandra K\u00f6ves<\/span><\/h3>\n<p>Assistant <img decoding=\"async\" loading=\"lazy\" class=\"alignleft wp-image-316 size-thumbnail\" src=\"http:\/\/budapest.degrowth.org\/wp-content\/uploads\/sites\/2\/2015\/12\/Szandra-150x150.jpg\" alt=\"Szandra\" width=\"150\" height=\"150\" \/>professor at the <a href=\"http:\/\/portal.uni-corvinus.hu\/?id=44509\" target=\"_blank\">Corvinus University of Budapest<\/a>. She graduated from Heriot-Watt University, Edinburgh, Scotland with an MA in International Business and Languages and later from the Diplomatic Academy in Vienna with an MPhil in Advanced International Studies. In the first decade of her career she worked within the Hungarian public administration \u2013 mostly in upper management positions \u2013 dealing with development policy, in particular with social development. This period raised a few question marks with regard to the mainstream developmental paths of the economy and society. These reservations led her to do research and write her PhD at the Corvinus University of Budapest on sustainable employment within the research field of ecological economics. In the last years she has participated in a large number of national and international projects as a consultant and researcher especially in the fields of development policy, employment policy and ecological economics. She is the Hungarian spokesperson for the upcoming International Degrowth Conference.<\/td>\n<\/tr>\n<tr>\n<td>\n<h3><span style=\"color: #33af49;\">Ulrich Brand<\/span><\/h3>\n<p><a href=\"http:\/\/budapest.degrowth.org\/wp-content\/uploads\/sites\/2\/2016\/03\/Ulrich-Brand_foto-wolfgang-borrs_kostenfrei.jpg\" rel=\"attachment wp-att-1171\"><img decoding=\"async\" loading=\"lazy\" class=\"wp-image-1171 size-thumbnail alignleft\" src=\"http:\/\/budapest.degrowth.org\/wp-content\/uploads\/sites\/2\/2016\/03\/Ulrich-Brand_foto-wolfgang-borrs_kostenfrei-150x150.jpg\" alt=\"DEU, Berlin, 08.04.2013, Ulrich Brand (Politikwissenschaftler) [ (c) Wolfgang Borrs, Wiener Str. 11, D-10999 B e r l i n, Mobile +49.171.5332491, www.borrs.de, mail@borrs.de; ]\" width=\"150\" height=\"150\" \/><\/a><\/p>\n<p>Ulrich\u00a0works as Professor of International Politics at the University of Vienna. His interests lie in critical state and governance studies, regulation and hegemony theory, political ecology, international resource and environmental politics; his regional focus is Latin America. He was member of the Scientific Council of the Fourth Degrowth Conference in 2014 in Leipzig and member of the Expert Commission on \u201cGrowth, Well-Being and Quality of Life\u201d of the German Bundestag (2011-2013). He is member of the Rosa Luxemburg Foundation\u2019s (Quito Office) Permanent Working Group on Alternatives to Development and of the Scientific Council of Attac Germany. His work in English is published in journals like Antipode, Austrian Journal of Development Studies, Austrian Journal of Political Science, Globalizations, Innovation, Review of International Political Economy. He recently co-edited books on Regulation theory, Political Ecology and Latin America. Currently, he is finishing a book on \u201cdegrowth and post-extractivism\u201d (in Spanish, with Alberto Acosta) and a book in German and in English on the \u201cimperial mode of living\u201d (with Markus Wissen). &#8211; http:\/\/www.univie.ac.at\/intpol\/en\/<\/td>\n<td>\n<h3><span style=\"color: #ed1f24;\">Beatriz Rodr\u00edgues-Labajos<\/span><\/h3>\n<p><a href=\"http:\/\/budapest.degrowth.org\/wp-content\/uploads\/sites\/2\/2016\/03\/Beatriz-Rodriguez-Labajos.jpg\" rel=\"attachment wp-att-1172\"><img decoding=\"async\" loading=\"lazy\" class=\"wp-image-1172 size-thumbnail alignleft\" src=\"http:\/\/budapest.degrowth.org\/wp-content\/uploads\/sites\/2\/2016\/03\/Beatriz-Rodriguez-Labajos-150x150.jpg\" alt=\"MINOLTA DIGITAL CAMERA\" width=\"150\" height=\"150\" \/><\/a><\/p>\n<p>Beatriz\u00a0is an ecological economist and researcher at the Institute for Environmental Science and Technology of the Autonomous University of Barcelona (ICTA-UAB). Her research interests are the socioeconomic dimensions of biodiversity, environmental justice, and ecosystem service assessment. Her field experience includes regions of Europe, Latin America, and South East Asia. Her publications focus on biodiversity conservation, environmental conflicts, water management and agro-ecosystems. She collaborated with the Water Catalan Agency and was deputy coordinator of the EJOLT project.<\/td>\n<\/tr>\n<tr>\n<td>\n<h3><span style=\"color: #33af49;\">Miriam Lang<\/span><\/h3>\n<p><a href=\"http:\/\/budapest.degrowth.org\/wp-content\/uploads\/sites\/2\/2016\/03\/Miriam-Lang.jpg\" rel=\"attachment wp-att-1170\"><img decoding=\"async\" loading=\"lazy\" class=\"alignleft wp-image-1170 size-thumbnail\" src=\"http:\/\/budapest.degrowth.org\/wp-content\/uploads\/sites\/2\/2016\/03\/Miriam-Lang-136x150.jpg\" alt=\"Miriam Lang\" width=\"136\" height=\"150\" \/><\/a>Miriam\u00a0works currently as assistant professor for social and global studies at the Universidad Andina Sim\u00f3n Bolivar, a public postgraduate university in Quito, Ecuador. As a German internationalist activist, she has worked in and with struggles in different countries of Latin America for more than 30 years. She holds a Ph.D. in sociology from Freie Universit\u00e4t Berlin. As head of office for the Andean office of Rosa Luxemburg Foundation, she has co-founded and coordinated an international working group called Permanent Working Group on Alternatives to Development from 2011 through 2015. Based on a shared criticism of both the development and growth imperatives, this working group seeks to promote a dialogue between the geopolitical North and South around alternatives to capitalism, patriarchy, old and new colonial relationships and destructive societal nature relations, bringing together different approaches and experiences from Latin America and Europe. She coordinated several books, including Beyond Development &#8211; Alternative Visions from Latin America https:\/\/www.rosalux.de\/fileadmin\/rls_uploads\/pdfs\/sonst_publikationen\/BeyondDevelopment.pdf (TNI &#8211; Rosa Luxemburg Foundation 2013). Her current research focuses on critical perspectives around the politics and understandings of poverty, bringing together the issues of migration, neocolonialism and degrowth.<\/td>\n<td>\n<h3><span style=\"color: #ed1f24;\">Edgardo Lander<\/span><\/h3>\n<p><a href=\"http:\/\/budapest.degrowth.org\/wp-content\/uploads\/sites\/2\/2016\/03\/Edgardo-Lander.png\" rel=\"attachment wp-att-1174\"><img decoding=\"async\" loading=\"lazy\" class=\"wp-image-1174 size-thumbnail alignleft\" src=\"http:\/\/budapest.degrowth.org\/wp-content\/uploads\/sites\/2\/2016\/03\/Edgardo-Lander-150x150.png\" alt=\"Edgardo Lander\" width=\"150\" height=\"150\" \/><\/a>Professor of Social Sciences at the Universidad Central de Venezuela in Caracas (retired). Was part of the Organizing Committee of the World Social Forum held in Caracas in 2006. Participated in the negotiations of the (finally defeated) Free Trade Agreement of the Americas (FTAA) as part of the Venezuelan delegation. Fellow of the Transnational Institute (Amsterdam). Part of the Rosa Luxemburg Foundation\u2019s (Quito Office) Permanent Working Group on Alternatives to Development. Member of CLACSO\u2019s working group on Political Ecology. Currently part of the Citizen\u2019s Platform in Defense of the Venezuelan Constitution today confronting both severe violations by the government and threats by right wing opposition parties that they will get rid of it, as they see it as an obstacle to return to neoliberal times. Areas of interest: Critique of the Eurocentric and colonial character of modern social science knowledge; democratic theory; politics in Latin America and Venezuela; social movements, life and the depredatory civilization of unlimited growth, beyond development, climate change, progressive governments and extractivism in South America.<\/td>\n<\/tr>\n<\/tbody>\n<\/table>\n","protected":false},"excerpt":{"rendered":"<p>&nbsp; Daniel O&#8217;Neill Dan O\u2019Neill is a Lecturer in Ecological Economics at the University of Leeds, and the Chief Economist at the Center for the Advancement of the Steady State Economy. His research focuses on the changes that would be needed to achieve a sustainable economy within planetary boundaries, and [&hellip;]<\/p>\n","protected":false},"author":6,"featured_media":0,"parent":70,"menu_order":7,"comment_status":"closed","ping_status":"closed","template":"page-templates\/template-full-width.php","meta":[],"yoast_head":"<!-- This site is optimized with the Yoast SEO plugin v16.2 - https:\/\/yoast.com\/wordpress\/plugins\/seo\/ -->\n<title>Keynote Speakers - 5th International Degrowth Conference<\/title>\n<meta name=\"robots\" content=\"index, follow, max-snippet:-1, max-image-preview:large, max-video-preview:-1\" \/>\n<link rel=\"canonical\" href=\"https:\/\/budapest.degrowth.org\/?page_id=530\" \/>\n<meta property=\"og:locale\" content=\"en_US\" \/>\n<meta property=\"og:type\" content=\"article\" \/>\n<meta property=\"og:title\" content=\"Keynote Speakers - 5th International Degrowth Conference\" \/>\n<meta property=\"og:description\" content=\"&nbsp; Daniel O&#8217;Neill Dan O\u2019Neill is a Lecturer in Ecological Economics at the University of Leeds, and the Chief Economist at the Center for the Advancement of the Steady State Economy. His research focuses on the changes that would be needed to achieve a sustainable economy within planetary boundaries, and [&hellip;]\" \/>\n<meta property=\"og:url\" content=\"https:\/\/budapest.degrowth.org\/?page_id=530\" \/>\n<meta property=\"og:site_name\" content=\"5th International Degrowth Conference\" \/>\n<meta property=\"article:modified_time\" content=\"2016-08-31T13:37:11+00:00\" \/>\n<meta property=\"og:image\" content=\"http:\/\/budapest.degrowth.org\/wp-content\/uploads\/sites\/2\/2016\/03\/Barbara-Muraca-150x150.jpg\" \/>\n<meta name=\"twitter:card\" content=\"summary\" \/>\n<meta name=\"twitter:label1\" content=\"Est. reading time\">\n\t<meta name=\"twitter:data1\" content=\"16 minutes\">\n<script type=\"application\/ld+json\" class=\"yoast-schema-graph\">{\"@context\":\"https:\/\/schema.org\",\"@graph\":[{\"@type\":\"WebSite\",\"@id\":\"https:\/\/budapest.degrowth.org\/#website\",\"url\":\"https:\/\/budapest.degrowth.org\/\",\"name\":\"5th International Degrowth Conference\",\"description\":\"\",\"potentialAction\":[{\"@type\":\"SearchAction\",\"target\":\"https:\/\/budapest.degrowth.org\/?s={search_term_string}\",\"query-input\":\"required name=search_term_string\"}],\"inLanguage\":\"en-US\"},{\"@type\":\"ImageObject\",\"@id\":\"https:\/\/budapest.degrowth.org\/?page_id=530#primaryimage\",\"inLanguage\":\"en-US\",\"url\":\"http:\/\/budapest.degrowth.org\/wp-content\/uploads\/sites\/2\/2016\/03\/Barbara-Muraca-150x150.jpg\",\"contentUrl\":\"http:\/\/budapest.degrowth.org\/wp-content\/uploads\/sites\/2\/2016\/03\/Barbara-Muraca-150x150.jpg\"},{\"@type\":\"WebPage\",\"@id\":\"https:\/\/budapest.degrowth.org\/?page_id=530#webpage\",\"url\":\"https:\/\/budapest.degrowth.org\/?page_id=530\",\"name\":\"Keynote Speakers - 5th International Degrowth Conference\",\"isPartOf\":{\"@id\":\"https:\/\/budapest.degrowth.org\/#website\"},\"primaryImageOfPage\":{\"@id\":\"https:\/\/budapest.degrowth.org\/?page_id=530#primaryimage\"},\"datePublished\":\"2016-03-16T08:34:16+00:00\",\"dateModified\":\"2016-08-31T13:37:11+00:00\",\"breadcrumb\":{\"@id\":\"https:\/\/budapest.degrowth.org\/?page_id=530#breadcrumb\"},\"inLanguage\":\"en-US\",\"potentialAction\":[{\"@type\":\"ReadAction\",\"target\":[\"https:\/\/budapest.degrowth.org\/?page_id=530\"]}]},{\"@type\":\"BreadcrumbList\",\"@id\":\"https:\/\/budapest.degrowth.org\/?page_id=530#breadcrumb\",\"itemListElement\":[{\"@type\":\"ListItem\",\"position\":1,\"item\":{\"@type\":\"WebPage\",\"@id\":\"https:\/\/budapest.degrowth.org\/\",\"url\":\"https:\/\/budapest.degrowth.org\/\",\"name\":\"Home\"}},{\"@type\":\"ListItem\",\"position\":2,\"item\":{\"@type\":\"WebPage\",\"@id\":\"https:\/\/budapest.degrowth.org\/?page_id=70\",\"url\":\"https:\/\/budapest.degrowth.org\/?page_id=70\",\"name\":\"Degrowth Conference\"}},{\"@type\":\"ListItem\",\"position\":3,\"item\":{\"@id\":\"https:\/\/budapest.degrowth.org\/?page_id=530#webpage\"}}]}]}<\/script>\n<!-- \/ Yoast SEO plugin. -->","_links":{"self":[{"href":"https:\/\/budapest.degrowth.org\/index.php?rest_route=\/wp\/v2\/pages\/530"}],"collection":[{"href":"https:\/\/budapest.degrowth.org\/index.php?rest_route=\/wp\/v2\/pages"}],"about":[{"href":"https:\/\/budapest.degrowth.org\/index.php?rest_route=\/wp\/v2\/types\/page"}],"author":[{"embeddable":true,"href":"https:\/\/budapest.degrowth.org\/index.php?rest_route=\/wp\/v2\/users\/6"}],"replies":[{"embeddable":true,"href":"https:\/\/budapest.degrowth.org\/index.php?rest_route=%2Fwp%2Fv2%2Fcomments&post=530"}],"version-history":[{"count":40,"href":"https:\/\/budapest.degrowth.org\/index.php?rest_route=\/wp\/v2\/pages\/530\/revisions"}],"predecessor-version":[{"id":1409,"href":"https:\/\/budapest.degrowth.org\/index.php?rest_route=\/wp\/v2\/pages\/530\/revisions\/1409"}],"up":[{"embeddable":true,"href":"https:\/\/budapest.degrowth.org\/index.php?rest_route=\/wp\/v2\/pages\/70"}],"wp:attachment":[{"href":"https:\/\/budapest.degrowth.org\/index.php?rest_route=%2Fwp%2Fv2%2Fmedia&parent=530"}],"curies":[{"name":"wp","href":"https:\/\/api.w.org\/{rel}","templated":true}]}}